{"id":1280,"date":"2021-11-22T08:24:25","date_gmt":"2021-11-22T08:24:25","guid":{"rendered":"https:\/\/jednosceuropejska.org\/?page_id=1280"},"modified":"2021-11-23T17:45:47","modified_gmt":"2021-11-23T17:45:47","slug":"euro","status":"publish","type":"page","link":"https:\/\/jednosceuropejska.org\/index.php\/euro\/","title":{"rendered":"Euro"},"content":{"rendered":"<p>[et_pb_section fb_built=&#8221;1&#8243; _builder_version=&#8221;4.13.1&#8243; _module_preset=&#8221;default&#8221; global_colors_info=&#8221;{}&#8221;][et_pb_row column_structure=&#8221;1_4,1_2,1_4&#8243; _builder_version=&#8221;4.13.1&#8243; _module_preset=&#8221;default&#8221; global_colors_info=&#8221;{}&#8221;][et_pb_column type=&#8221;1_4&#8243; _builder_version=&#8221;4.13.1&#8243; _module_preset=&#8221;default&#8221; global_colors_info=&#8221;{}&#8221;][et_pb_image src=&#8221;https:\/\/jednosceuropejska.org\/wp-content\/uploads\/2021\/07\/EUM-godlo-2-bez-obramowania.png&#8221; title_text=&#8221;EUM godlo 2 &#8211; bez obramowania&#8221; align=&#8221;right&#8221; _builder_version=&#8221;4.14.0&#8243; _module_preset=&#8221;default&#8221; max_height=&#8221;100px&#8221; global_colors_info=&#8221;{}&#8221;][\/et_pb_image][\/et_pb_column][et_pb_column type=&#8221;1_2&#8243; _builder_version=&#8221;4.13.1&#8243; _module_preset=&#8221;default&#8221; global_colors_info=&#8221;{}&#8221;][et_pb_text _builder_version=&#8221;4.14.0&#8243; _module_preset=&#8221;default&#8221; custom_margin=&#8221;30px||||false|false&#8221; text_text_shadow_style=&#8221;preset4&#8243; text_text_shadow_color=&#8221;#EDF000&#8243; global_colors_info=&#8221;{}&#8221;]<\/p>\n<h1 style=\"text-align: center;\"><strong>EUM<\/strong><\/h1>\n<p>[\/et_pb_text][\/et_pb_column][et_pb_column type=&#8221;1_4&#8243; _builder_version=&#8221;4.13.1&#8243; _module_preset=&#8221;default&#8221; global_colors_info=&#8221;{}&#8221;][et_pb_image src=&#8221;https:\/\/jednosceuropejska.org\/wp-content\/uploads\/2021\/07\/EUM-godlo-2-bez-obramowania.png&#8221; title_text=&#8221;EUM godlo 2 &#8211; bez obramowania&#8221; _builder_version=&#8221;4.14.0&#8243; _module_preset=&#8221;default&#8221; module_alignment=&#8221;left&#8221; max_height=&#8221;100px&#8221; global_colors_info=&#8221;{}&#8221;][\/et_pb_image][\/et_pb_column][\/et_pb_row][et_pb_row column_structure=&#8221;1_5,3_5,1_5&#8243; _builder_version=&#8221;4.13.1&#8243; _module_preset=&#8221;default&#8221; global_colors_info=&#8221;{}&#8221;][et_pb_column type=&#8221;1_5&#8243; _builder_version=&#8221;4.13.1&#8243; _module_preset=&#8221;default&#8221; global_colors_info=&#8221;{}&#8221;][et_pb_image src=&#8221;https:\/\/jednosceuropejska.org\/wp-content\/uploads\/2021\/11\/04.jpg&#8221; title_text=&#8221;Kasa&#8221; align=&#8221;right&#8221; _builder_version=&#8221;4.14.0&#8243; _module_preset=&#8221;default&#8221; max_height=&#8221;100px&#8221; global_colors_info=&#8221;{}&#8221;][\/et_pb_image][\/et_pb_column][et_pb_column type=&#8221;3_5&#8243; _builder_version=&#8221;4.13.1&#8243; _module_preset=&#8221;default&#8221; global_colors_info=&#8221;{}&#8221;][et_pb_text _builder_version=&#8221;4.14.0&#8243; _module_preset=&#8221;default&#8221; text_text_color=&#8221;#000000&#8243; custom_margin=&#8221;25px||||false|false&#8221; text_text_shadow_style=&#8221;preset5&#8243; text_text_shadow_color=&#8221;#EDF000&#8243; global_colors_info=&#8221;{}&#8221;]<\/p>\n<h1 style=\"text-align: center;\"><strong>Przyj\u0119cie EURO<\/strong><\/h1>\n<p>[\/et_pb_text][\/et_pb_column][et_pb_column type=&#8221;1_5&#8243; _builder_version=&#8221;4.13.1&#8243; _module_preset=&#8221;default&#8221; global_colors_info=&#8221;{}&#8221;][et_pb_image src=&#8221;https:\/\/jednosceuropejska.org\/wp-content\/uploads\/2021\/11\/04.jpg&#8221; title_text=&#8221;Kasa&#8221; _builder_version=&#8221;4.14.0&#8243; _module_preset=&#8221;default&#8221; max_height=&#8221;100px&#8221; global_colors_info=&#8221;{}&#8221;][\/et_pb_image][\/et_pb_column][\/et_pb_row][et_pb_row column_structure=&#8221;1_5,3_5,1_5&#8243; _builder_version=&#8221;4.14.0&#8243; _module_preset=&#8221;default&#8221; global_colors_info=&#8221;{}&#8221;][et_pb_column type=&#8221;1_5&#8243; _builder_version=&#8221;4.13.1&#8243; _module_preset=&#8221;default&#8221; global_colors_info=&#8221;{}&#8221;][\/et_pb_column][et_pb_column type=&#8221;3_5&#8243; admin_label=&#8221;Tekst&#8221; _builder_version=&#8221;4.14.0&#8243; _module_preset=&#8221;default&#8221; use_background_color_gradient=&#8221;on&#8221; background_color_gradient_start=&#8221;rgba(255,255,255,0.9)&#8221; background_color_gradient_end=&#8221;rgba(255,255,255,0)&#8221; background_color_gradient_type=&#8221;radial&#8221; background_color_gradient_start_position=&#8221;50%&#8221; background_color_gradient_end_position=&#8221;125%&#8221; global_colors_info=&#8221;{}&#8221;][et_pb_text _builder_version=&#8221;4.14.0&#8243; _module_preset=&#8221;default&#8221; global_colors_info=&#8221;{}&#8221;]<\/p>\n<p>Po pierwsze, Euro, tak jak Unia, to nie projekt ekonomiczny, ale polityczny <span>\u2013<\/span> u nas, w Polsce, mo\u017ce by\u0107 tak\u017ce rozwa\u017cany jako <strong>element bezpiecze\u0144stwa geopolitycznego<\/strong>. Je\u015bli zostaniemy przy swojej z\u0142ot\u00f3wce (przypominam, jest to waluta lokalna i nigdzie poza Polsk\u0105 NIEWYMIENIALNA), to przy scenariuszu wrogiego przej\u0119cia Polski (przyk\u0142adowo przez zielone ludziki) nikt nam nie pomo\u017ce. Natomiast b\u0119d\u0105c w strefie euro, je\u015bli do\u015bwiadczymy zaj\u0119cia Polski przez wrogie si\u0142y, pozosta\u0142ej cz\u0119\u015bci Eurolandu b\u0119dzie bardzo zale\u017ce\u0107 na odzyskaniu kontroli nad naszym terytorium.<\/p>\n<p>B\u0119dziemy wewn\u0105trz, a nie poza<span>\u2026<\/span> Pr\u00f3cz tego cho\u0107 na razie z\u0142ot\u00f3wka wydaje si\u0119 stabilna, to jako ma\u0142a waluta jest nara\u017cona na ataki spekulacyjne i inne formy kombinatorstwa ekonomicznego, zw\u0142aszcza w razie kryzysu. Je\u015bli za\u015b s\u0105dzicie, \u017ce COVID-19 to ostatni kryzys w dziejach, to hm<span>\u2026<\/span>gratuluj\u0119 optymizmu.<\/p>\n<p>Jak na razie z\u0142oty ma si\u0119 dobrze, mimo olbrzymiego dodrukowywania (a w\u0142a\u015bciwie zmianach w rejestrach bankowych <span>\u2013 <\/span>przecie\u017c wi\u0119kszo\u015b\u0107 pieni\u0105dza jest teraz tylko zapisem na serwerze). Dlaczego?<span>\u2026 <\/span><strong>Bo wszyscy \u2013 ca\u0142y \u015bwiat drukuje! <\/strong>Od euro po ameryka\u0144skie <em>helicopter money<\/em>. To powoduje, \u017ce zad\u0142u\u017caj\u0105c przysz\u0142e pokolenia (kto by si\u0119 tam nimi przejmowa\u0142), wszyscy rozdajemy pieni\u0105dze. Wracaj\u0105c do kwestii, czy wybra\u0107 euro, czy pozosta\u0107 przy z\u0142otym, zastanawiam si\u0119, co by by\u0142o, gdyby kryzys by\u0142 lokalny, a pieni\u0105dze dodrukowywa\u0142a tylko Polska? Ile wtedy straci\u0142aby polska waluta? Przy \u015bwiatowym kryzysie jedynym zagro\u017ceniem <span>\u2013 <\/span>jak jeden ekonomista stwierdzi\u0142 <span>\u2013<\/span> jest \u015bwiatowe za\u0142amanie si\u0119 wiary w pieni\u0105dz fiducjarny. To by by\u0142o ciekawe i na razie ca\u0142kowicie nierealne. Pr\u0119dzej uznamy, \u017ce wszyscy <span>\u2013<\/span> poprzez rz\u0105dy, banki centralne <span>\u2013<\/span> mo\u017cemy sobie dodrukowa\u0107 (obecnie dopisa\u0107 na serwerach) po kilka zer. Oczywi\u015bcie musz\u0105 to robi\u0107 kraje, kt\u00f3rych got\u00f3wka jest uznanym MI\u0118DZYNARODOWYM \u015brodkiem p\u0142atniczym \u2013 USA\/Chiny?\/UE? Co si\u0119 stanie, je\u015bli ma\u0142y kraik postanowi to zrobi\u0107? Odpowied\u017a jest prawie oczywista. Maj\u0105c euro, zapewniamy sobie pewn\u0105 poduszk\u0119 bezpiecze\u0144stwa. Poza utrzymaniem integracji europejskiej Europejski Bank Centralny b\u0119dzie zmuszony ratowa\u0107 gospodark\u0119 jednego ze swych cz\u0142onk\u00f3w, aby utrzyma\u0107 warto\u015b\u0107 euro. Tak by\u0142o z Grecj\u0105&#8230;<\/p>\n<p>\u015awi\u0119te Niemcy &#8211; Addenum 2 &#8211; EUM str 512<\/p>\n<p>[\/et_pb_text][et_pb_text _builder_version=&#8221;4.14.0&#8243; _module_preset=&#8221;default&#8221; global_colors_info=&#8221;{}&#8221;]<\/p>\n<h3>Dodatek obecny<\/h3>\n<p>A jednak o czym pisali\u015bmy w 2020 w &#8222;\u015awi\u0119tych Niemczech&#8221;, niestety sprawdza si\u0119&#8230; Inflacja ro\u015bnie.<\/p>\n<p>I tu kilka dodatkowych kwestii:<\/p>\n<p>&#8222;Wstawanie z kolan&#8221; cz\u0119sto powoduje, \u017ce w\u0142a\u015bnie zwyk\u0142y obywatel &#8211; taki jak my &#8211; dostaje w d&#8230;<\/p>\n<p>Niezale\u017cnie od powod\u00f3w, w dobie globalizacji, je\u015bli w\u0142adza postanowia si\u0119 utrzyma\u0107, a kraj uniezale\u017cni\u0107 od innych, cz\u0119sto dochodzi do&#8230; hiperinflacji &#8211; chocia\u017cby Wenezuela czy Turcja. Niezale\u017cnie czy przyczyny s\u0105 wewn\u0119trzne czy zewn\u0119trzne (sankcje) &#8211; bieda (w tym inflancja) dotyka najbardziej zwyk\u0142ych, szarych kowalskich, nie kolesiostwo z w\u0142adz. Mo\u017cna powiedzie\u0107 tak &#8211; budowa nowego sfinksa czy innego budu jest wizyt\u00f3wk\u0105 dla rz\u0105dz\u0105cych, ale zwyk\u0142y cz\u0142owiek musi przy tym si\u0119 zaharowywa\u0107 i nic z tego nie ma.<\/p>\n<p>Insze uwagi &#8211; bardzo ciekawe s\u0105 pomys\u0142y hamowania inflacji poprzez dosypywanie pi\u0119ni\u0105dza (tarcza inflacyjna). C\u00f3\u017c, zdaniem du\u017cej cz\u0119\u015bci ekonomist\u00f3w przyczyn\u0105 zjawiska jest nadmiar got\u00f3wki w obiegu&#8230; Sypanie go wi\u0119cej aby za\u0142agodzi\u0107 sytuacj\u0119, hmm, troch\u0119 jak gaszenie ognia benzyn\u0105&#8230;<\/p>\n<p>Swoj\u0105 drog\u0105, je\u015bli mieliby\u015bmy Euro, prawdopodobnie ju\u017c wcze\u015bniej wdro\u017cone zosta\u0142yby odpowiednie procedury&#8230; Obecni rz\u0105dz\u0105cy nienawidzili Balcerowicza, a tu szykuje si\u0119 sytuacja nie &#8222;ch\u0142odzenia gospodarki&#8221;, a wrzucenia r\u0119cznego (gwa\u0142towne podwy\u017cki st\u00f3p procentowych)&#8230; chyba, \u017ce rz\u0105dz\u0105cy od razu zak\u0142adali, \u017ce przez inflacje rz\u0119du 10-20% WSZYSCY pr\u0119dzej czy p\u00f3\u017aniej dop\u0142ac\u0105 do Polskiego \u0141adu&#8230;<\/p>\n<p>&nbsp;<\/p>\n<p>[\/et_pb_text][\/et_pb_column][et_pb_column type=&#8221;1_5&#8243; _builder_version=&#8221;4.13.1&#8243; _module_preset=&#8221;default&#8221; global_colors_info=&#8221;{}&#8221;][\/et_pb_column][\/et_pb_row][\/et_pb_section]<\/p>\n","protected":false},"excerpt":{"rendered":"<p>EUMPrzyj\u0119cie EUROPo pierwsze, Euro, tak jak Unia, to nie projekt ekonomiczny, ale polityczny \u2013 u nas, w Polsce, mo\u017ce by\u0107 tak\u017ce rozwa\u017cany jako element bezpiecze\u0144stwa geopolitycznego. Je\u015bli zostaniemy przy swojej z\u0142ot\u00f3wce (przypominam, jest to waluta lokalna i nigdzie poza Polsk\u0105 NIEWYMIENIALNA), to przy scenariuszu wrogiego przej\u0119cia Polski (przyk\u0142adowo przez zielone ludziki) nikt nam nie pomo\u017ce. [&hellip;]<\/p>\n","protected":false},"author":2,"featured_media":0,"parent":0,"menu_order":0,"comment_status":"closed","ping_status":"closed","template":"","meta":{"_et_pb_use_builder":"on","_et_pb_old_content":"","_et_gb_content_width":"","footnotes":""},"class_list":["post-1280","page","type-page","status-publish","hentry"],"yoast_head":"<!-- This site is optimized with the Yoast SEO plugin v17.7.1 - https:\/\/yoast.com\/wordpress\/plugins\/seo\/ -->\n<title>Euro - EUM<\/title>\n<meta name=\"robots\" content=\"index, follow, max-snippet:-1, max-image-preview:large, max-video-preview:-1\" \/>\n<link rel=\"canonical\" href=\"https:\/\/jednosceuropejska.org\/index.php\/euro\/\" \/>\n<meta property=\"og:locale\" content=\"pl_PL\" \/>\n<meta property=\"og:type\" content=\"article\" \/>\n<meta property=\"og:title\" content=\"Euro - EUM\" \/>\n<meta property=\"og:description\" content=\"EUMPrzyj\u0119cie EUROPo pierwsze, Euro, tak jak Unia, to nie projekt ekonomiczny, ale polityczny \u2013 u nas, w Polsce, mo\u017ce by\u0107 tak\u017ce rozwa\u017cany jako element bezpiecze\u0144stwa geopolitycznego. Je\u015bli zostaniemy przy swojej z\u0142ot\u00f3wce (przypominam, jest to waluta lokalna i nigdzie poza Polsk\u0105 NIEWYMIENIALNA), to przy scenariuszu wrogiego przej\u0119cia Polski (przyk\u0142adowo przez zielone ludziki) nikt nam nie pomo\u017ce. [&hellip;]\" \/>\n<meta property=\"og:url\" content=\"https:\/\/jednosceuropejska.org\/index.php\/euro\/\" \/>\n<meta property=\"og:site_name\" content=\"EUM\" \/>\n<meta property=\"article:modified_time\" content=\"2021-11-23T17:45:47+00:00\" \/>\n<meta name=\"twitter:card\" content=\"summary_large_image\" \/>\n<script type=\"application\/ld+json\" class=\"yoast-schema-graph\">{\"@context\":\"https:\/\/schema.org\",\"@graph\":[{\"@type\":\"WebSite\",\"@id\":\"https:\/\/jednosceuropejska.org\/#website\",\"url\":\"https:\/\/jednosceuropejska.org\/\",\"name\":\"EUM\",\"description\":\"European Unity Movement\",\"potentialAction\":[{\"@type\":\"SearchAction\",\"target\":{\"@type\":\"EntryPoint\",\"urlTemplate\":\"https:\/\/jednosceuropejska.org\/?s={search_term_string}\"},\"query-input\":\"required name=search_term_string\"}],\"inLanguage\":\"pl-PL\"},{\"@type\":\"WebPage\",\"@id\":\"https:\/\/jednosceuropejska.org\/index.php\/euro\/#webpage\",\"url\":\"https:\/\/jednosceuropejska.org\/index.php\/euro\/\",\"name\":\"Euro - EUM\",\"isPartOf\":{\"@id\":\"https:\/\/jednosceuropejska.org\/#website\"},\"datePublished\":\"2021-11-22T08:24:25+00:00\",\"dateModified\":\"2021-11-23T17:45:47+00:00\",\"breadcrumb\":{\"@id\":\"https:\/\/jednosceuropejska.org\/index.php\/euro\/#breadcrumb\"},\"inLanguage\":\"pl-PL\",\"potentialAction\":[{\"@type\":\"ReadAction\",\"target\":[\"https:\/\/jednosceuropejska.org\/index.php\/euro\/\"]}]},{\"@type\":\"BreadcrumbList\",\"@id\":\"https:\/\/jednosceuropejska.org\/index.php\/euro\/#breadcrumb\",\"itemListElement\":[{\"@type\":\"ListItem\",\"position\":1,\"name\":\"Strona g\\u0142\\u00f3wna\",\"item\":\"https:\/\/jednosceuropejska.org\/\"},{\"@type\":\"ListItem\",\"position\":2,\"name\":\"Euro\"}]}]}<\/script>\n<!-- \/ Yoast SEO plugin. -->","yoast_head_json":{"title":"Euro - EUM","robots":{"index":"index","follow":"follow","max-snippet":"max-snippet:-1","max-image-preview":"max-image-preview:large","max-video-preview":"max-video-preview:-1"},"canonical":"https:\/\/jednosceuropejska.org\/index.php\/euro\/","og_locale":"pl_PL","og_type":"article","og_title":"Euro - EUM","og_description":"EUMPrzyj\u0119cie EUROPo pierwsze, Euro, tak jak Unia, to nie projekt ekonomiczny, ale polityczny \u2013 u nas, w Polsce, mo\u017ce by\u0107 tak\u017ce rozwa\u017cany jako element bezpiecze\u0144stwa geopolitycznego. Je\u015bli zostaniemy przy swojej z\u0142ot\u00f3wce (przypominam, jest to waluta lokalna i nigdzie poza Polsk\u0105 NIEWYMIENIALNA), to przy scenariuszu wrogiego przej\u0119cia Polski (przyk\u0142adowo przez zielone ludziki) nikt nam nie pomo\u017ce. [&hellip;]","og_url":"https:\/\/jednosceuropejska.org\/index.php\/euro\/","og_site_name":"EUM","article_modified_time":"2021-11-23T17:45:47+00:00","twitter_card":"summary_large_image","schema":{"@context":"https:\/\/schema.org","@graph":[{"@type":"WebSite","@id":"https:\/\/jednosceuropejska.org\/#website","url":"https:\/\/jednosceuropejska.org\/","name":"EUM","description":"European Unity Movement","potentialAction":[{"@type":"SearchAction","target":{"@type":"EntryPoint","urlTemplate":"https:\/\/jednosceuropejska.org\/?s={search_term_string}"},"query-input":"required name=search_term_string"}],"inLanguage":"pl-PL"},{"@type":"WebPage","@id":"https:\/\/jednosceuropejska.org\/index.php\/euro\/#webpage","url":"https:\/\/jednosceuropejska.org\/index.php\/euro\/","name":"Euro - EUM","isPartOf":{"@id":"https:\/\/jednosceuropejska.org\/#website"},"datePublished":"2021-11-22T08:24:25+00:00","dateModified":"2021-11-23T17:45:47+00:00","breadcrumb":{"@id":"https:\/\/jednosceuropejska.org\/index.php\/euro\/#breadcrumb"},"inLanguage":"pl-PL","potentialAction":[{"@type":"ReadAction","target":["https:\/\/jednosceuropejska.org\/index.php\/euro\/"]}]},{"@type":"BreadcrumbList","@id":"https:\/\/jednosceuropejska.org\/index.php\/euro\/#breadcrumb","itemListElement":[{"@type":"ListItem","position":1,"name":"Strona g\u0142\u00f3wna","item":"https:\/\/jednosceuropejska.org\/"},{"@type":"ListItem","position":2,"name":"Euro"}]}]}},"_links":{"self":[{"href":"https:\/\/jednosceuropejska.org\/index.php\/wp-json\/wp\/v2\/pages\/1280","targetHints":{"allow":["GET"]}}],"collection":[{"href":"https:\/\/jednosceuropejska.org\/index.php\/wp-json\/wp\/v2\/pages"}],"about":[{"href":"https:\/\/jednosceuropejska.org\/index.php\/wp-json\/wp\/v2\/types\/page"}],"author":[{"embeddable":true,"href":"https:\/\/jednosceuropejska.org\/index.php\/wp-json\/wp\/v2\/users\/2"}],"replies":[{"embeddable":true,"href":"https:\/\/jednosceuropejska.org\/index.php\/wp-json\/wp\/v2\/comments?post=1280"}],"version-history":[{"count":5,"href":"https:\/\/jednosceuropejska.org\/index.php\/wp-json\/wp\/v2\/pages\/1280\/revisions"}],"predecessor-version":[{"id":1317,"href":"https:\/\/jednosceuropejska.org\/index.php\/wp-json\/wp\/v2\/pages\/1280\/revisions\/1317"}],"wp:attachment":[{"href":"https:\/\/jednosceuropejska.org\/index.php\/wp-json\/wp\/v2\/media?parent=1280"}],"curies":[{"name":"wp","href":"https:\/\/api.w.org\/{rel}","templated":true}]}}