{"id":1302,"date":"2021-11-23T02:44:05","date_gmt":"2021-11-23T02:44:05","guid":{"rendered":"https:\/\/jednosceuropejska.org\/?page_id=1302"},"modified":"2021-11-23T02:44:18","modified_gmt":"2021-11-23T02:44:18","slug":"edukacja","status":"publish","type":"page","link":"https:\/\/jednosceuropejska.org\/index.php\/edukacja\/","title":{"rendered":"Edukacja"},"content":{"rendered":"<p>[et_pb_section fb_built=&#8221;1&#8243; _builder_version=&#8221;4.13.1&#8243; _module_preset=&#8221;default&#8221; global_colors_info=&#8221;{}&#8221; theme_builder_area=&#8221;post_content&#8221;][et_pb_row column_structure=&#8221;1_4,1_2,1_4&#8243; _builder_version=&#8221;4.13.1&#8243; _module_preset=&#8221;default&#8221; global_colors_info=&#8221;{}&#8221; theme_builder_area=&#8221;post_content&#8221;][et_pb_column type=&#8221;1_4&#8243; _builder_version=&#8221;4.13.1&#8243; _module_preset=&#8221;default&#8221; global_colors_info=&#8221;{}&#8221; theme_builder_area=&#8221;post_content&#8221;][et_pb_image src=&#8221;https:\/\/jednosceuropejska.org\/wp-content\/uploads\/2021\/07\/EUM-godlo-2-bez-obramowania.png&#8221; title_text=&#8221;EUM godlo 2 &#8211; bez obramowania&#8221; align=&#8221;right&#8221; _builder_version=&#8221;4.14.0&#8243; _module_preset=&#8221;default&#8221; max_height=&#8221;100px&#8221; global_colors_info=&#8221;{}&#8221; theme_builder_area=&#8221;post_content&#8221;][\/et_pb_image][\/et_pb_column][et_pb_column type=&#8221;1_2&#8243; _builder_version=&#8221;4.13.1&#8243; _module_preset=&#8221;default&#8221; global_colors_info=&#8221;{}&#8221; theme_builder_area=&#8221;post_content&#8221;][et_pb_text _builder_version=&#8221;4.14.0&#8243; _module_preset=&#8221;default&#8221; custom_margin=&#8221;30px||||false|false&#8221; text_text_shadow_style=&#8221;preset4&#8243; text_text_shadow_color=&#8221;#EDF000&#8243; global_colors_info=&#8221;{}&#8221; theme_builder_area=&#8221;post_content&#8221;]<\/p>\n<h1 style=\"text-align: center;\"><strong>EUM<\/strong><\/h1>\n<p>[\/et_pb_text][\/et_pb_column][et_pb_column type=&#8221;1_4&#8243; _builder_version=&#8221;4.13.1&#8243; _module_preset=&#8221;default&#8221; global_colors_info=&#8221;{}&#8221; theme_builder_area=&#8221;post_content&#8221;][et_pb_image src=&#8221;https:\/\/jednosceuropejska.org\/wp-content\/uploads\/2021\/07\/EUM-godlo-2-bez-obramowania.png&#8221; title_text=&#8221;EUM godlo 2 &#8211; bez obramowania&#8221; _builder_version=&#8221;4.14.0&#8243; _module_preset=&#8221;default&#8221; module_alignment=&#8221;left&#8221; max_height=&#8221;100px&#8221; global_colors_info=&#8221;{}&#8221; theme_builder_area=&#8221;post_content&#8221;][\/et_pb_image][\/et_pb_column][\/et_pb_row][et_pb_row column_structure=&#8221;1_5,3_5,1_5&#8243; _builder_version=&#8221;4.13.1&#8243; _module_preset=&#8221;default&#8221; global_colors_info=&#8221;{}&#8221; theme_builder_area=&#8221;post_content&#8221;][et_pb_column type=&#8221;1_5&#8243; _builder_version=&#8221;4.13.1&#8243; _module_preset=&#8221;default&#8221; global_colors_info=&#8221;{}&#8221; theme_builder_area=&#8221;post_content&#8221;][et_pb_image src=&#8221;https:\/\/jednosceuropejska.org\/wp-content\/uploads\/2021\/11\/03.jpg&#8221; title_text=&#8221;zarowka&#8221; align=&#8221;right&#8221; _builder_version=&#8221;4.14.0&#8243; _module_preset=&#8221;default&#8221; max_height=&#8221;100px&#8221; hover_enabled=&#8221;0&#8243; global_colors_info=&#8221;{}&#8221; theme_builder_area=&#8221;post_content&#8221; sticky_enabled=&#8221;0&#8243;][\/et_pb_image][\/et_pb_column][et_pb_column type=&#8221;3_5&#8243; _builder_version=&#8221;4.13.1&#8243; _module_preset=&#8221;default&#8221; global_colors_info=&#8221;{}&#8221; theme_builder_area=&#8221;post_content&#8221;][et_pb_text _builder_version=&#8221;4.14.0&#8243; _module_preset=&#8221;default&#8221; text_text_color=&#8221;#000000&#8243; custom_margin=&#8221;25px||||false|false&#8221; hover_enabled=&#8221;0&#8243; text_text_shadow_style=&#8221;preset5&#8243; text_text_shadow_color=&#8221;#EDF000&#8243; global_colors_info=&#8221;{}&#8221; theme_builder_area=&#8221;post_content&#8221; sticky_enabled=&#8221;0&#8243;]<\/p>\n<h1 style=\"text-align: center;\"><strong>Edukacja<\/strong><\/h1>\n<p style=\"text-align: center;\"><strong>jednolity przedmiot<\/strong><\/p>\n<p>[\/et_pb_text][\/et_pb_column][et_pb_column type=&#8221;1_5&#8243; _builder_version=&#8221;4.13.1&#8243; _module_preset=&#8221;default&#8221; global_colors_info=&#8221;{}&#8221; theme_builder_area=&#8221;post_content&#8221;][et_pb_image src=&#8221;https:\/\/jednosceuropejska.org\/wp-content\/uploads\/2021\/11\/03.jpg&#8221; title_text=&#8221;zarowka&#8221; _builder_version=&#8221;4.14.0&#8243; _module_preset=&#8221;default&#8221; max_height=&#8221;100px&#8221; hover_enabled=&#8221;0&#8243; global_colors_info=&#8221;{}&#8221; theme_builder_area=&#8221;post_content&#8221; sticky_enabled=&#8221;0&#8243;][\/et_pb_image][\/et_pb_column][\/et_pb_row][et_pb_row column_structure=&#8221;1_5,3_5,1_5&#8243; _builder_version=&#8221;4.14.0&#8243; _module_preset=&#8221;default&#8221; global_colors_info=&#8221;{}&#8221; theme_builder_area=&#8221;post_content&#8221;][et_pb_column type=&#8221;1_5&#8243; _builder_version=&#8221;4.13.1&#8243; _module_preset=&#8221;default&#8221; global_colors_info=&#8221;{}&#8221; theme_builder_area=&#8221;post_content&#8221;][\/et_pb_column][et_pb_column type=&#8221;3_5&#8243; admin_label=&#8221;Tekst&#8221; _builder_version=&#8221;4.14.0&#8243; _module_preset=&#8221;default&#8221; use_background_color_gradient=&#8221;on&#8221; background_color_gradient_start=&#8221;rgba(255,255,255,0.9)&#8221; background_color_gradient_end=&#8221;rgba(255,255,255,0)&#8221; background_color_gradient_type=&#8221;radial&#8221; background_color_gradient_start_position=&#8221;50%&#8221; background_color_gradient_end_position=&#8221;125%&#8221; global_colors_info=&#8221;{}&#8221; theme_builder_area=&#8221;post_content&#8221;][et_pb_text _builder_version=&#8221;4.14.0&#8243; _module_preset=&#8221;default&#8221; hover_enabled=&#8221;0&#8243; global_colors_info=&#8221;{}&#8221; theme_builder_area=&#8221;post_content&#8221; sticky_enabled=&#8221;0&#8243;]<\/p>\n<p>Cz\u0119\u015bci\u0105 wsp\u00f3lnoty cz\u0142owiek staje si\u0119 poprzez dzielenie podobnych prze\u017cy\u0107, ale przede wszystkim w efekcie identyfikacji z tymi samymi ideami, has\u0142ami, histori\u0105 i j\u0119zykiem. Nie bez przyczyny imigranci chc\u0105cy zosta\u0107 obywatelami USA musz\u0105 zda\u0107 egzamin z ich historii. Mimo i\u017c znaj\u0105 histori\u0119 kraju swojego pochodzenia, du\u017ca ich cz\u0119\u015b\u0107 jest dumna ze swoich nowych patron\u00f3w historycznych, Ojc\u00f3w Za\u0142o\u017cycieli czy nowej dla siebie Konstytucji. Ponadto, nawet m\u00f3wi\u0105c innymi j\u0119zykami, mog\u0105 si\u0119 oni odwo\u0142a\u0107 do zrozumia\u0142ych dla reszty mem\u00f3w i kod\u00f3w kulturowych, co nieraz jest podstawow\u0105 nici\u0105 porozumienia. W Unii Europejskiej ca\u0142y czas ka\u017cdy kraj realizuje w\u0142asne wizje historyczne i edukacyjne. Hiszpanie nie maj\u0105 bladego poj\u0119cia o Mickiewiczu (\u201e\u017ce najwi\u0119kszym poet\u0105 by\u0142\u201d), a Polacy wyba\u0142uszaj\u0105 oczy przy nazwisku Lope de Vega\u2026 Dw\u00f3ch Europejczyk\u00f3w, o ile nie jest z tego samego kraju, nie za bardzo mo\u017ce odnie\u015b\u0107 si\u0119 do wsp\u00f3lnych kluczy kulturowych. Oczywi\u015bcie pewn\u0105 podstaw\u0119 stanowi staro\u017cytno\u015b\u0107, ale od tamtego czasu wydarzy\u0142o si\u0119 kilka rzeczy. Przysz\u0142y Ruch Jedno\u015bci Europejskiej powinien zaproponowa\u0107 wdro\u017cenie <strong>wsp\u00f3lnego dla ca\u0142ej Unii przedmiotu szkolnego (przedszkolnego?) \u2013 historia Unii<\/strong><br \/><strong>(wraz z jej symbolik\u0105 \u2013 flag\u0105, hymnem i innymi)<\/strong>. Przedmiot ten powinien mie\u0107 jednolit\u0105 podstaw\u0119 programow\u0105 opracowan\u0105 przez najwy\u017csze w\u0142adze europejskie z udzia\u0142em europejskich ekspert\u00f3w. Powinien by\u0107 realizowany tak samo w ka\u017cdym kraju cz\u0142onkowskim. [Powinien eksponawa\u0107 prze\u017cycia i warto\u015bci wsp\u00f3lnie, nie r\u00f3\u017cnice i wrogo\u015bci.] Zapewni\u0142oby to minimaln\u0105 wi\u0119\u017a kulturow\u0105 mi\u0119dzy Europejczykami. Nawet je\u015bli dany cz\u0142owiek wi\u0119kszo\u015b\u0107 zapomni, to kilka wsp\u00f3lnych kod\u00f3w kulturowych pozostanie w nim, pod\u015bwiadomie scalaj\u0105c Europ\u0119. Oczywi\u015bcie, my jeste\u015bmy pokoleniem straconym, ale je\u015bli chcemy, \u017ceby nasze dzieci \u017cy\u0142y w ramach Europy, powinni\u015bmy jak najszybciej to wdro\u017cy\u0107. Wi\u0119kszo\u015b\u0107 separatystycznych i nacjonalistycznych w\u0142adz kraj\u00f3w wydaje si\u0119 nie patrze\u0107 dalej ni\u017c do nast\u0119pnych wybor\u00f3w, skazuj\u0105c przysz\u0142e pokolenia na ci\u0119\u017cki los. Czy oni a\u017c tak bardzo nie lubi\u0105 dzieci?<\/p>\n<p>Rozumiem w\u0142adze polskie \u2013 naczelny pose\u0142 ma ponad siedemdziesi\u0105t lat i jest bezdzietny \u2013 nie musi si\u0119 martwi\u0107 o przysz\u0142o\u015b\u0107 nast\u0119pnych pokole\u0144, mo\u017ce widzie\u0107 dora\u017any cel \u2013 zabezpieczy\u0107 posiadanie, ale inni? <br \/>Nawiasem m\u00f3wi\u0105c, mo\u017ce to by\u0107 cz\u0119\u015bciowe rozwi\u0105zanie problemu imigrant\u00f3w \u2013 ka\u017cdy chc\u0105cy si\u0119 osiedli\u0107 w UE musia\u0142by zda\u0107 pozytywnie egzamin z historii i symboliki, inaczej\u2026 do domu (tak jak w USA).<\/p>\n<p>Swoj\u0105 drog\u0105 postrzeganie imigrant\u00f3w jako problemu jest my\u015bleniem prowadz\u0105cym donik\u0105d, de facto os\u0142abiaj\u0105cym kraje Europy i Uni\u0119. Dlaczego? Nie nale\u017cy bowiem patrze\u0107 na to jak na kryzys, ale jak na fakt \u015bwiadcz\u0105cy o sile i pot\u0119dze Europy. Czy ludzie chc\u0105 emigrowa\u0107 do Somalii albo do Syrii? Cz\u0142owiek chce emigrowa\u0107 do miejsca, o kt\u00f3rym ma prze\u015bwiadczenie, \u017ce b\u0119dzie mu w nim LEPIEJ, nie gorzej. To, \u017ce Europa nadal jest dla wielu ziemi\u0105 obiecan\u0105, \u015bwiadczy o tym, \u017ce w ich umys\u0142ach Unia jest w\u0142a\u015bnie tak\u0105 rajsk\u0105 krain\u0105. Je\u015bli we\u017amiemy to pod uwag\u0119, jawi si\u0119 nam proste rozwi\u0105zanie problemu imigrant\u00f3w \u2013 wystarczy (czasem) pokaza\u0107, jak jest naprawd\u0119, zw\u0142aszcza w Polsce\u2026<\/p>\n<p>&nbsp;<\/p>\n<p>\u015awi\u0119te Niemcy &#8211; Addenum 2 &#8211; EUM str 514<\/p>\n<p>[\/et_pb_text][et_pb_text _builder_version=&#8221;4.14.0&#8243; _module_preset=&#8221;default&#8221; hover_enabled=&#8221;0&#8243; global_colors_info=&#8221;{}&#8221; theme_builder_area=&#8221;post_content&#8221; sticky_enabled=&#8221;0&#8243;]<\/p>\n<h3>Dodatek obecny<\/h3>\n<p>Oczywi\u015bcie cz\u0119\u015b\u0107 z Was powie, \u017ce dodatkowy przedmiot i tak zwi\u0119kszy ju\u017c i tak prze\u0142adowany program.<\/p>\n<p>I tak, i nie &#8211; prze\u0142adowanie podstawy programowej nie wynika bowiem tylko z jakie\u015b sadystycznej potrzeby nauczycieli, tylko z post\u0119pu wi\u0119dzy (wynikaj\u0105cej mi\u0119dzy innymi z prawa wielkich liczb &#8211; na \u015bwiecie \u017cyje coraz wi\u0119cej ludzi, z kt\u00f3rych du\u017ca cz\u0119\u015b\u0107 z nich tworzy). Ilo\u015b\u0107 materia\u0142u we wszystkich dziedzinach ro\u015bnie w spos\u00f3b wyk\u0142adniczy, a dodatkowo &#8222;im dalej w las tym wi\u0119cej drzew&#8221;. Z drugiej strony skoro si\u0119 da\u0142o wprawadzi\u0107 &#8222;godziny Czarnka&#8221; to przy odrobinie woli da\u0142oby si\u0119 wprowadzi\u0107 &#8222;godziny europejskie&#8221;&#8230;<\/p>\n<p>&nbsp;<\/p>\n<p>[\/et_pb_text][\/et_pb_column][et_pb_column type=&#8221;1_5&#8243; _builder_version=&#8221;4.13.1&#8243; _module_preset=&#8221;default&#8221; global_colors_info=&#8221;{}&#8221; theme_builder_area=&#8221;post_content&#8221;][\/et_pb_column][\/et_pb_row][\/et_pb_section]<\/p>\n","protected":false},"excerpt":{"rendered":"<p>EUMEdukacja jednolity przedmiotCz\u0119\u015bci\u0105 wsp\u00f3lnoty cz\u0142owiek staje si\u0119 poprzez dzielenie podobnych prze\u017cy\u0107, ale przede wszystkim w efekcie identyfikacji z tymi samymi ideami, has\u0142ami, histori\u0105 i j\u0119zykiem. Nie bez przyczyny imigranci chc\u0105cy zosta\u0107 obywatelami USA musz\u0105 zda\u0107 egzamin z ich historii. Mimo i\u017c znaj\u0105 histori\u0119 kraju swojego pochodzenia, du\u017ca ich cz\u0119\u015b\u0107 jest dumna ze swoich nowych patron\u00f3w [&hellip;]<\/p>\n","protected":false},"author":2,"featured_media":0,"parent":0,"menu_order":0,"comment_status":"closed","ping_status":"closed","template":"","meta":{"_et_pb_use_builder":"on","_et_pb_old_content":"","_et_gb_content_width":"","footnotes":""},"class_list":["post-1302","page","type-page","status-publish","hentry"],"yoast_head":"<!-- This site is optimized with the Yoast SEO plugin v17.7.1 - https:\/\/yoast.com\/wordpress\/plugins\/seo\/ -->\n<title>Edukacja - EUM<\/title>\n<meta name=\"robots\" content=\"index, follow, max-snippet:-1, max-image-preview:large, max-video-preview:-1\" \/>\n<link rel=\"canonical\" href=\"https:\/\/jednosceuropejska.org\/index.php\/edukacja\/\" \/>\n<meta property=\"og:locale\" content=\"pl_PL\" \/>\n<meta property=\"og:type\" content=\"article\" \/>\n<meta property=\"og:title\" content=\"Edukacja - EUM\" \/>\n<meta property=\"og:description\" content=\"EUMEdukacja jednolity przedmiotCz\u0119\u015bci\u0105 wsp\u00f3lnoty cz\u0142owiek staje si\u0119 poprzez dzielenie podobnych prze\u017cy\u0107, ale przede wszystkim w efekcie identyfikacji z tymi samymi ideami, has\u0142ami, histori\u0105 i j\u0119zykiem. Nie bez przyczyny imigranci chc\u0105cy zosta\u0107 obywatelami USA musz\u0105 zda\u0107 egzamin z ich historii. Mimo i\u017c znaj\u0105 histori\u0119 kraju swojego pochodzenia, du\u017ca ich cz\u0119\u015b\u0107 jest dumna ze swoich nowych patron\u00f3w [&hellip;]\" \/>\n<meta property=\"og:url\" content=\"https:\/\/jednosceuropejska.org\/index.php\/edukacja\/\" \/>\n<meta property=\"og:site_name\" content=\"EUM\" \/>\n<meta property=\"article:modified_time\" content=\"2021-11-23T02:44:18+00:00\" \/>\n<meta name=\"twitter:card\" content=\"summary_large_image\" \/>\n<script type=\"application\/ld+json\" class=\"yoast-schema-graph\">{\"@context\":\"https:\/\/schema.org\",\"@graph\":[{\"@type\":\"WebSite\",\"@id\":\"https:\/\/jednosceuropejska.org\/#website\",\"url\":\"https:\/\/jednosceuropejska.org\/\",\"name\":\"EUM\",\"description\":\"European Unity Movement\",\"potentialAction\":[{\"@type\":\"SearchAction\",\"target\":{\"@type\":\"EntryPoint\",\"urlTemplate\":\"https:\/\/jednosceuropejska.org\/?s={search_term_string}\"},\"query-input\":\"required name=search_term_string\"}],\"inLanguage\":\"pl-PL\"},{\"@type\":\"WebPage\",\"@id\":\"https:\/\/jednosceuropejska.org\/index.php\/edukacja\/#webpage\",\"url\":\"https:\/\/jednosceuropejska.org\/index.php\/edukacja\/\",\"name\":\"Edukacja - EUM\",\"isPartOf\":{\"@id\":\"https:\/\/jednosceuropejska.org\/#website\"},\"datePublished\":\"2021-11-23T02:44:05+00:00\",\"dateModified\":\"2021-11-23T02:44:18+00:00\",\"breadcrumb\":{\"@id\":\"https:\/\/jednosceuropejska.org\/index.php\/edukacja\/#breadcrumb\"},\"inLanguage\":\"pl-PL\",\"potentialAction\":[{\"@type\":\"ReadAction\",\"target\":[\"https:\/\/jednosceuropejska.org\/index.php\/edukacja\/\"]}]},{\"@type\":\"BreadcrumbList\",\"@id\":\"https:\/\/jednosceuropejska.org\/index.php\/edukacja\/#breadcrumb\",\"itemListElement\":[{\"@type\":\"ListItem\",\"position\":1,\"name\":\"Strona g\\u0142\\u00f3wna\",\"item\":\"https:\/\/jednosceuropejska.org\/\"},{\"@type\":\"ListItem\",\"position\":2,\"name\":\"Edukacja\"}]}]}<\/script>\n<!-- \/ Yoast SEO plugin. -->","yoast_head_json":{"title":"Edukacja - EUM","robots":{"index":"index","follow":"follow","max-snippet":"max-snippet:-1","max-image-preview":"max-image-preview:large","max-video-preview":"max-video-preview:-1"},"canonical":"https:\/\/jednosceuropejska.org\/index.php\/edukacja\/","og_locale":"pl_PL","og_type":"article","og_title":"Edukacja - EUM","og_description":"EUMEdukacja jednolity przedmiotCz\u0119\u015bci\u0105 wsp\u00f3lnoty cz\u0142owiek staje si\u0119 poprzez dzielenie podobnych prze\u017cy\u0107, ale przede wszystkim w efekcie identyfikacji z tymi samymi ideami, has\u0142ami, histori\u0105 i j\u0119zykiem. Nie bez przyczyny imigranci chc\u0105cy zosta\u0107 obywatelami USA musz\u0105 zda\u0107 egzamin z ich historii. Mimo i\u017c znaj\u0105 histori\u0119 kraju swojego pochodzenia, du\u017ca ich cz\u0119\u015b\u0107 jest dumna ze swoich nowych patron\u00f3w [&hellip;]","og_url":"https:\/\/jednosceuropejska.org\/index.php\/edukacja\/","og_site_name":"EUM","article_modified_time":"2021-11-23T02:44:18+00:00","twitter_card":"summary_large_image","schema":{"@context":"https:\/\/schema.org","@graph":[{"@type":"WebSite","@id":"https:\/\/jednosceuropejska.org\/#website","url":"https:\/\/jednosceuropejska.org\/","name":"EUM","description":"European Unity Movement","potentialAction":[{"@type":"SearchAction","target":{"@type":"EntryPoint","urlTemplate":"https:\/\/jednosceuropejska.org\/?s={search_term_string}"},"query-input":"required name=search_term_string"}],"inLanguage":"pl-PL"},{"@type":"WebPage","@id":"https:\/\/jednosceuropejska.org\/index.php\/edukacja\/#webpage","url":"https:\/\/jednosceuropejska.org\/index.php\/edukacja\/","name":"Edukacja - EUM","isPartOf":{"@id":"https:\/\/jednosceuropejska.org\/#website"},"datePublished":"2021-11-23T02:44:05+00:00","dateModified":"2021-11-23T02:44:18+00:00","breadcrumb":{"@id":"https:\/\/jednosceuropejska.org\/index.php\/edukacja\/#breadcrumb"},"inLanguage":"pl-PL","potentialAction":[{"@type":"ReadAction","target":["https:\/\/jednosceuropejska.org\/index.php\/edukacja\/"]}]},{"@type":"BreadcrumbList","@id":"https:\/\/jednosceuropejska.org\/index.php\/edukacja\/#breadcrumb","itemListElement":[{"@type":"ListItem","position":1,"name":"Strona g\u0142\u00f3wna","item":"https:\/\/jednosceuropejska.org\/"},{"@type":"ListItem","position":2,"name":"Edukacja"}]}]}},"_links":{"self":[{"href":"https:\/\/jednosceuropejska.org\/index.php\/wp-json\/wp\/v2\/pages\/1302","targetHints":{"allow":["GET"]}}],"collection":[{"href":"https:\/\/jednosceuropejska.org\/index.php\/wp-json\/wp\/v2\/pages"}],"about":[{"href":"https:\/\/jednosceuropejska.org\/index.php\/wp-json\/wp\/v2\/types\/page"}],"author":[{"embeddable":true,"href":"https:\/\/jednosceuropejska.org\/index.php\/wp-json\/wp\/v2\/users\/2"}],"replies":[{"embeddable":true,"href":"https:\/\/jednosceuropejska.org\/index.php\/wp-json\/wp\/v2\/comments?post=1302"}],"version-history":[{"count":2,"href":"https:\/\/jednosceuropejska.org\/index.php\/wp-json\/wp\/v2\/pages\/1302\/revisions"}],"predecessor-version":[{"id":1305,"href":"https:\/\/jednosceuropejska.org\/index.php\/wp-json\/wp\/v2\/pages\/1302\/revisions\/1305"}],"wp:attachment":[{"href":"https:\/\/jednosceuropejska.org\/index.php\/wp-json\/wp\/v2\/media?parent=1302"}],"curies":[{"name":"wp","href":"https:\/\/api.w.org\/{rel}","templated":true}]}}