{"id":1310,"date":"2021-11-23T03:07:58","date_gmt":"2021-11-23T03:07:58","guid":{"rendered":"https:\/\/jednosceuropejska.org\/?page_id=1310"},"modified":"2021-11-23T03:08:10","modified_gmt":"2021-11-23T03:08:10","slug":"wspolny-jezyk","status":"publish","type":"page","link":"https:\/\/jednosceuropejska.org\/index.php\/wspolny-jezyk\/","title":{"rendered":"Wsp\u00f3lny j\u0119zyk"},"content":{"rendered":"<p>[et_pb_section fb_built=&#8221;1&#8243; _builder_version=&#8221;4.13.1&#8243; _module_preset=&#8221;default&#8221; global_colors_info=&#8221;{}&#8221; theme_builder_area=&#8221;post_content&#8221;][et_pb_row column_structure=&#8221;1_4,1_2,1_4&#8243; _builder_version=&#8221;4.13.1&#8243; _module_preset=&#8221;default&#8221; global_colors_info=&#8221;{}&#8221; theme_builder_area=&#8221;post_content&#8221;][et_pb_column type=&#8221;1_4&#8243; _builder_version=&#8221;4.13.1&#8243; _module_preset=&#8221;default&#8221; global_colors_info=&#8221;{}&#8221; theme_builder_area=&#8221;post_content&#8221;][et_pb_image src=&#8221;https:\/\/jednosceuropejska.org\/wp-content\/uploads\/2021\/07\/EUM-godlo-2-bez-obramowania.png&#8221; title_text=&#8221;EUM godlo 2 &#8211; bez obramowania&#8221; align=&#8221;right&#8221; _builder_version=&#8221;4.14.0&#8243; _module_preset=&#8221;default&#8221; max_height=&#8221;100px&#8221; global_colors_info=&#8221;{}&#8221; theme_builder_area=&#8221;post_content&#8221;][\/et_pb_image][\/et_pb_column][et_pb_column type=&#8221;1_2&#8243; _builder_version=&#8221;4.13.1&#8243; _module_preset=&#8221;default&#8221; global_colors_info=&#8221;{}&#8221; theme_builder_area=&#8221;post_content&#8221;][et_pb_text _builder_version=&#8221;4.14.0&#8243; _module_preset=&#8221;default&#8221; custom_margin=&#8221;30px||||false|false&#8221; text_text_shadow_style=&#8221;preset4&#8243; text_text_shadow_color=&#8221;#EDF000&#8243; global_colors_info=&#8221;{}&#8221; theme_builder_area=&#8221;post_content&#8221;]<\/p>\n<h1 style=\"text-align: center;\"><strong>EUM<\/strong><\/h1>\n<p>[\/et_pb_text][\/et_pb_column][et_pb_column type=&#8221;1_4&#8243; _builder_version=&#8221;4.13.1&#8243; _module_preset=&#8221;default&#8221; global_colors_info=&#8221;{}&#8221; theme_builder_area=&#8221;post_content&#8221;][et_pb_image src=&#8221;https:\/\/jednosceuropejska.org\/wp-content\/uploads\/2021\/07\/EUM-godlo-2-bez-obramowania.png&#8221; title_text=&#8221;EUM godlo 2 &#8211; bez obramowania&#8221; _builder_version=&#8221;4.14.0&#8243; _module_preset=&#8221;default&#8221; module_alignment=&#8221;left&#8221; max_height=&#8221;100px&#8221; global_colors_info=&#8221;{}&#8221; theme_builder_area=&#8221;post_content&#8221;][\/et_pb_image][\/et_pb_column][\/et_pb_row][et_pb_row column_structure=&#8221;1_5,3_5,1_5&#8243; _builder_version=&#8221;4.13.1&#8243; _module_preset=&#8221;default&#8221; global_colors_info=&#8221;{}&#8221; theme_builder_area=&#8221;post_content&#8221;][et_pb_column type=&#8221;1_5&#8243; _builder_version=&#8221;4.13.1&#8243; _module_preset=&#8221;default&#8221; global_colors_info=&#8221;{}&#8221; theme_builder_area=&#8221;post_content&#8221;][et_pb_image src=&#8221;https:\/\/jednosceuropejska.org\/wp-content\/uploads\/2021\/11\/03.jpg&#8221; title_text=&#8221;zarowka&#8221; align=&#8221;right&#8221; _builder_version=&#8221;4.14.0&#8243; _module_preset=&#8221;default&#8221; max_height=&#8221;100px&#8221; global_colors_info=&#8221;{}&#8221; theme_builder_area=&#8221;post_content&#8221;][\/et_pb_image][\/et_pb_column][et_pb_column type=&#8221;3_5&#8243; _builder_version=&#8221;4.13.1&#8243; _module_preset=&#8221;default&#8221; global_colors_info=&#8221;{}&#8221; theme_builder_area=&#8221;post_content&#8221;][et_pb_text _builder_version=&#8221;4.14.0&#8243; _module_preset=&#8221;default&#8221; text_text_color=&#8221;#000000&#8243; custom_margin=&#8221;25px||||false|false&#8221; hover_enabled=&#8221;0&#8243; text_text_shadow_style=&#8221;preset5&#8243; text_text_shadow_color=&#8221;#EDF000&#8243; global_colors_info=&#8221;{}&#8221; theme_builder_area=&#8221;post_content&#8221; sticky_enabled=&#8221;0&#8243;]<\/p>\n<h1 style=\"text-align: center;\"><strong>Wsp\u00f3lny j\u0119zyk<br \/><\/strong><\/h1>\n<p style=\"text-align: center;\"><strong>dla przysz\u0142ych pokole\u0144<br \/><\/strong><\/p>\n<p>[\/et_pb_text][\/et_pb_column][et_pb_column type=&#8221;1_5&#8243; _builder_version=&#8221;4.13.1&#8243; _module_preset=&#8221;default&#8221; global_colors_info=&#8221;{}&#8221; theme_builder_area=&#8221;post_content&#8221;][et_pb_image src=&#8221;https:\/\/jednosceuropejska.org\/wp-content\/uploads\/2021\/11\/03.jpg&#8221; title_text=&#8221;zarowka&#8221; _builder_version=&#8221;4.14.0&#8243; _module_preset=&#8221;default&#8221; max_height=&#8221;100px&#8221; global_colors_info=&#8221;{}&#8221; theme_builder_area=&#8221;post_content&#8221;][\/et_pb_image][\/et_pb_column][\/et_pb_row][et_pb_row column_structure=&#8221;1_5,3_5,1_5&#8243; _builder_version=&#8221;4.14.0&#8243; _module_preset=&#8221;default&#8221; global_colors_info=&#8221;{}&#8221; theme_builder_area=&#8221;post_content&#8221;][et_pb_column type=&#8221;1_5&#8243; _builder_version=&#8221;4.13.1&#8243; _module_preset=&#8221;default&#8221; global_colors_info=&#8221;{}&#8221; theme_builder_area=&#8221;post_content&#8221;][\/et_pb_column][et_pb_column type=&#8221;3_5&#8243; admin_label=&#8221;Tekst&#8221; _builder_version=&#8221;4.14.0&#8243; _module_preset=&#8221;default&#8221; use_background_color_gradient=&#8221;on&#8221; background_color_gradient_start=&#8221;rgba(255,255,255,0.9)&#8221; background_color_gradient_end=&#8221;rgba(255,255,255,0)&#8221; background_color_gradient_type=&#8221;radial&#8221; background_color_gradient_start_position=&#8221;50%&#8221; background_color_gradient_end_position=&#8221;125%&#8221; global_colors_info=&#8221;{}&#8221; theme_builder_area=&#8221;post_content&#8221;][et_pb_text _builder_version=&#8221;4.14.0&#8243; _module_preset=&#8221;default&#8221; hover_enabled=&#8221;0&#8243; global_colors_info=&#8221;{}&#8221; theme_builder_area=&#8221;post_content&#8221; sticky_enabled=&#8221;0&#8243;]<\/p>\n<p>Jak ju\u017c pisa\u0142em wcze\u015bniej, jedn\u0105 z rzeczy, kt\u00f3ra mo\u017ce \u0142\u0105czy\u0107, jest wsp\u00f3lny j\u0119zyk. Nawet je\u015bli brakuje wsp\u00f3lnych kod\u00f3w kulturowych, to przynajmniej mo\u017cna si\u0119 porozumie\u0107. Jest jeszcze co\u015b \u2013 ot\u00f3\u017c \u2013 cho\u0107 mo\u017ce cz\u0119\u015b\u0107 os\u00f3b si\u0119 nie zgadza \u2013 pos\u0142ugiwanie si\u0119 okre\u015blonym j\u0119zykiem niejako wymusza my\u015blenie w okre\u015blony spos\u00f3b. Nie m\u00f3wi\u0105c ju\u017c o poezji, kt\u00f3ra w du\u017cej mierze eksploatuje istniej\u0105ce\u00a0 tylko w danym j\u0119zyku ukryte znaczenia czy gr\u0119 s\u0142\u00f3w. Ksi\u0105\u017cka pisana po polsku b\u0119dzie poprzez mi\u0119dzy innymi swoiste konstrukcje j\u0119zykowe, szyk zdania ksi\u0105\u017ck\u0105 polsk\u0105. T\u0142umaczenia nie s\u0105 w stanie odda\u0107 w pe\u0142ni tej ulotnej warstwy. Dlatego prawie zawsze w historii zab\u00f3r danego pa\u0144stwa przez inne wi\u0105za\u0142 si\u0119 z pr\u00f3bami wprowadzenia nowego j\u0119zyka, a wyrugowaniem z u\u017cycia j\u0119zyka kraju (narodu) podbitego. Europa Unaeca Movado powinien wdro\u017cy\u0107 dzia\u0142ania prowadz\u0105ce do wprowadzenia jednolitego j\u0119zyka na obszarze ca\u0142ej federacji europejskiej. Oczywi\u015bcie, je\u015bli my\u015blimy o wsp\u00f3lnocie na d\u0142u\u017csz\u0105 met\u0119, a nie w perspektywie zaledwie dziesi\u0119ciu, pi\u0119tnastu lat. Starsze pokolenia s\u0105 pod tym wzgl\u0119dem i tak stracone. Dla wi\u0119kszo\u015bci z nas nauka nowego j\u0119zyka jest koszmarnie trudna\u2026 ale nie dla naszych dzieci. Wydaje mi si\u0119, \u017ce najlepszym sposobem na wprowadzenie wsp\u00f3lnego systemu porozumiewania si\u0119 jest uczynienie oficjalnym j\u0119zykiem urz\u0119dowym Unii takiego j\u0119zyka, kt\u00f3ry obecnie nie jest w u\u017cyciu w \u017cadnym pa\u0144stwie, tak aby unikn\u0105\u0107 oskar\u017ce\u0144 o przymus (Polacy powinni pami\u0119ta\u0107 rusyfikacj\u0119, germanizacj\u0119). J\u0119zyk angielski \u2013 mi\u0119dzynarodowy j\u0119zyk medycyny i nauk informatycznych obecnie jest j\u0119zykiem kraju spoza Unii \u2013 wi\u0119c\u2026 out. Dobrym kandydatem jest j\u0119zyk esperanto lub inny j\u0119zyk pomocniczy\/ sztuczny. Wbrew pozorom funkcjonuje on do\u015b\u0107 dobrze. Stanowi, przyk\u0142adowo, oficjalny j\u0119zyk Mi\u0119dzynarodowej Akademii Nauk San Marino. Innymi s\u0142owy, mo\u017cna powiedzie\u0107, \u017ce projekt pilota\u017cowy dotycz\u0105cy stosowania esperanto mamy ju\u017c za sob\u0105. Czas na realizacj\u0119 w pe\u0142nej skali\u2026 W tym wypadku by\u0142by to nasz wk\u0142ad w integracj\u0119 europejsk\u0105 \u2013 tw\u00f3rc\u0105 esperanto by\u0142 polski \u017byd Ludwik Zamenhof.<\/p>\n<p>Oczywi\u015bcie przeciwnicy powiedz\u0105, \u017ce takie sztuczne wprowadzanie nigdy si\u0119 nie uda\u0142o\u2026 Nie jest to do ko\u0144ca prawda. Powiod\u0142o si\u0119 wydzielenie i kodyfikacja j\u0119zyka s\u0142owackiego czy wprowadzenie urz\u0119dowego j\u0119zyka ukrai\u0144skiego na Ukrainie. A nawet je\u015bli jest to cz\u0119\u015bciowo prawd\u0105, to UE te\u017c jest tworem ponadnarodowym, sztucznym.<\/p>\n<p>Z drugiej strony, wraz z post\u0119pem technologii, nauk informatycznych i doskonaleniem t\u0142umaczy maszynowych stosowanie esperanto w dobie translator\u00f3w online (sam nie umiem esperanto \u2013 u\u017cywam T\u0142umacza Google\u2019a) b\u0119dzie coraz \u0142atwiejsze.<\/p>\n<p>&nbsp;<\/p>\n<p>\u015awi\u0119te Niemcy &#8211; Addenum 2 &#8211; EUM str 515<\/p>\n<p>[\/et_pb_text][et_pb_text _builder_version=&#8221;4.14.0&#8243; _module_preset=&#8221;default&#8221; hover_enabled=&#8221;0&#8243; global_colors_info=&#8221;{}&#8221; theme_builder_area=&#8221;post_content&#8221; sticky_enabled=&#8221;0&#8243;]<\/p>\n<h3>Dodatek obecny<\/h3>\n<p>Mo\u017ce to dalekie, ale je\u015bli nie to Unia trafi prawdopodobnie na \u015bmietnik historii, rozerwana wewn\u0119trznie przez nacjonalizmy, a zewn\u0119trznie rozgrywana przez starych i nowych silnych graczy &#8211; USA, Rosj\u0119, Chiny czy Indie&#8230; Nigeri\u0119 i wielu innych. Niestety aby Europa (w tym Polska) co\u015b znaczy\u0142a pozostaje ucieczka do przodu&#8230;<\/p>\n<p>&nbsp;<\/p>\n<p>[\/et_pb_text][\/et_pb_column][et_pb_column type=&#8221;1_5&#8243; _builder_version=&#8221;4.13.1&#8243; _module_preset=&#8221;default&#8221; global_colors_info=&#8221;{}&#8221; theme_builder_area=&#8221;post_content&#8221;][\/et_pb_column][\/et_pb_row][\/et_pb_section]<\/p>\n","protected":false},"excerpt":{"rendered":"<p>EUMWsp\u00f3lny j\u0119zyk dla przysz\u0142ych pokole\u0144Jak ju\u017c pisa\u0142em wcze\u015bniej, jedn\u0105 z rzeczy, kt\u00f3ra mo\u017ce \u0142\u0105czy\u0107, jest wsp\u00f3lny j\u0119zyk. Nawet je\u015bli brakuje wsp\u00f3lnych kod\u00f3w kulturowych, to przynajmniej mo\u017cna si\u0119 porozumie\u0107. Jest jeszcze co\u015b \u2013 ot\u00f3\u017c \u2013 cho\u0107 mo\u017ce cz\u0119\u015b\u0107 os\u00f3b si\u0119 nie zgadza \u2013 pos\u0142ugiwanie si\u0119 okre\u015blonym j\u0119zykiem niejako wymusza my\u015blenie w okre\u015blony spos\u00f3b. Nie m\u00f3wi\u0105c ju\u017c [&hellip;]<\/p>\n","protected":false},"author":2,"featured_media":0,"parent":0,"menu_order":0,"comment_status":"closed","ping_status":"closed","template":"","meta":{"_et_pb_use_builder":"on","_et_pb_old_content":"","_et_gb_content_width":"","footnotes":""},"class_list":["post-1310","page","type-page","status-publish","hentry"],"yoast_head":"<!-- This site is optimized with the Yoast SEO plugin v17.7.1 - https:\/\/yoast.com\/wordpress\/plugins\/seo\/ -->\n<title>Wsp\u00f3lny j\u0119zyk - EUM<\/title>\n<meta name=\"robots\" content=\"index, follow, max-snippet:-1, max-image-preview:large, max-video-preview:-1\" \/>\n<link rel=\"canonical\" href=\"https:\/\/jednosceuropejska.org\/index.php\/wspolny-jezyk\/\" \/>\n<meta property=\"og:locale\" content=\"pl_PL\" \/>\n<meta property=\"og:type\" content=\"article\" \/>\n<meta property=\"og:title\" content=\"Wsp\u00f3lny j\u0119zyk - EUM\" \/>\n<meta property=\"og:description\" content=\"EUMWsp\u00f3lny j\u0119zyk dla przysz\u0142ych pokole\u0144Jak ju\u017c pisa\u0142em wcze\u015bniej, jedn\u0105 z rzeczy, kt\u00f3ra mo\u017ce \u0142\u0105czy\u0107, jest wsp\u00f3lny j\u0119zyk. Nawet je\u015bli brakuje wsp\u00f3lnych kod\u00f3w kulturowych, to przynajmniej mo\u017cna si\u0119 porozumie\u0107. Jest jeszcze co\u015b \u2013 ot\u00f3\u017c \u2013 cho\u0107 mo\u017ce cz\u0119\u015b\u0107 os\u00f3b si\u0119 nie zgadza \u2013 pos\u0142ugiwanie si\u0119 okre\u015blonym j\u0119zykiem niejako wymusza my\u015blenie w okre\u015blony spos\u00f3b. Nie m\u00f3wi\u0105c ju\u017c [&hellip;]\" \/>\n<meta property=\"og:url\" content=\"https:\/\/jednosceuropejska.org\/index.php\/wspolny-jezyk\/\" \/>\n<meta property=\"og:site_name\" content=\"EUM\" \/>\n<meta property=\"article:modified_time\" content=\"2021-11-23T03:08:10+00:00\" \/>\n<meta name=\"twitter:card\" content=\"summary_large_image\" \/>\n<script type=\"application\/ld+json\" class=\"yoast-schema-graph\">{\"@context\":\"https:\/\/schema.org\",\"@graph\":[{\"@type\":\"WebSite\",\"@id\":\"https:\/\/jednosceuropejska.org\/#website\",\"url\":\"https:\/\/jednosceuropejska.org\/\",\"name\":\"EUM\",\"description\":\"European Unity Movement\",\"potentialAction\":[{\"@type\":\"SearchAction\",\"target\":{\"@type\":\"EntryPoint\",\"urlTemplate\":\"https:\/\/jednosceuropejska.org\/?s={search_term_string}\"},\"query-input\":\"required name=search_term_string\"}],\"inLanguage\":\"pl-PL\"},{\"@type\":\"WebPage\",\"@id\":\"https:\/\/jednosceuropejska.org\/index.php\/wspolny-jezyk\/#webpage\",\"url\":\"https:\/\/jednosceuropejska.org\/index.php\/wspolny-jezyk\/\",\"name\":\"Wsp\\u00f3lny j\\u0119zyk - EUM\",\"isPartOf\":{\"@id\":\"https:\/\/jednosceuropejska.org\/#website\"},\"datePublished\":\"2021-11-23T03:07:58+00:00\",\"dateModified\":\"2021-11-23T03:08:10+00:00\",\"breadcrumb\":{\"@id\":\"https:\/\/jednosceuropejska.org\/index.php\/wspolny-jezyk\/#breadcrumb\"},\"inLanguage\":\"pl-PL\",\"potentialAction\":[{\"@type\":\"ReadAction\",\"target\":[\"https:\/\/jednosceuropejska.org\/index.php\/wspolny-jezyk\/\"]}]},{\"@type\":\"BreadcrumbList\",\"@id\":\"https:\/\/jednosceuropejska.org\/index.php\/wspolny-jezyk\/#breadcrumb\",\"itemListElement\":[{\"@type\":\"ListItem\",\"position\":1,\"name\":\"Strona g\\u0142\\u00f3wna\",\"item\":\"https:\/\/jednosceuropejska.org\/\"},{\"@type\":\"ListItem\",\"position\":2,\"name\":\"Wsp\\u00f3lny j\\u0119zyk\"}]}]}<\/script>\n<!-- \/ Yoast SEO plugin. -->","yoast_head_json":{"title":"Wsp\u00f3lny j\u0119zyk - EUM","robots":{"index":"index","follow":"follow","max-snippet":"max-snippet:-1","max-image-preview":"max-image-preview:large","max-video-preview":"max-video-preview:-1"},"canonical":"https:\/\/jednosceuropejska.org\/index.php\/wspolny-jezyk\/","og_locale":"pl_PL","og_type":"article","og_title":"Wsp\u00f3lny j\u0119zyk - EUM","og_description":"EUMWsp\u00f3lny j\u0119zyk dla przysz\u0142ych pokole\u0144Jak ju\u017c pisa\u0142em wcze\u015bniej, jedn\u0105 z rzeczy, kt\u00f3ra mo\u017ce \u0142\u0105czy\u0107, jest wsp\u00f3lny j\u0119zyk. Nawet je\u015bli brakuje wsp\u00f3lnych kod\u00f3w kulturowych, to przynajmniej mo\u017cna si\u0119 porozumie\u0107. Jest jeszcze co\u015b \u2013 ot\u00f3\u017c \u2013 cho\u0107 mo\u017ce cz\u0119\u015b\u0107 os\u00f3b si\u0119 nie zgadza \u2013 pos\u0142ugiwanie si\u0119 okre\u015blonym j\u0119zykiem niejako wymusza my\u015blenie w okre\u015blony spos\u00f3b. Nie m\u00f3wi\u0105c ju\u017c [&hellip;]","og_url":"https:\/\/jednosceuropejska.org\/index.php\/wspolny-jezyk\/","og_site_name":"EUM","article_modified_time":"2021-11-23T03:08:10+00:00","twitter_card":"summary_large_image","schema":{"@context":"https:\/\/schema.org","@graph":[{"@type":"WebSite","@id":"https:\/\/jednosceuropejska.org\/#website","url":"https:\/\/jednosceuropejska.org\/","name":"EUM","description":"European Unity Movement","potentialAction":[{"@type":"SearchAction","target":{"@type":"EntryPoint","urlTemplate":"https:\/\/jednosceuropejska.org\/?s={search_term_string}"},"query-input":"required name=search_term_string"}],"inLanguage":"pl-PL"},{"@type":"WebPage","@id":"https:\/\/jednosceuropejska.org\/index.php\/wspolny-jezyk\/#webpage","url":"https:\/\/jednosceuropejska.org\/index.php\/wspolny-jezyk\/","name":"Wsp\u00f3lny j\u0119zyk - EUM","isPartOf":{"@id":"https:\/\/jednosceuropejska.org\/#website"},"datePublished":"2021-11-23T03:07:58+00:00","dateModified":"2021-11-23T03:08:10+00:00","breadcrumb":{"@id":"https:\/\/jednosceuropejska.org\/index.php\/wspolny-jezyk\/#breadcrumb"},"inLanguage":"pl-PL","potentialAction":[{"@type":"ReadAction","target":["https:\/\/jednosceuropejska.org\/index.php\/wspolny-jezyk\/"]}]},{"@type":"BreadcrumbList","@id":"https:\/\/jednosceuropejska.org\/index.php\/wspolny-jezyk\/#breadcrumb","itemListElement":[{"@type":"ListItem","position":1,"name":"Strona g\u0142\u00f3wna","item":"https:\/\/jednosceuropejska.org\/"},{"@type":"ListItem","position":2,"name":"Wsp\u00f3lny j\u0119zyk"}]}]}},"_links":{"self":[{"href":"https:\/\/jednosceuropejska.org\/index.php\/wp-json\/wp\/v2\/pages\/1310","targetHints":{"allow":["GET"]}}],"collection":[{"href":"https:\/\/jednosceuropejska.org\/index.php\/wp-json\/wp\/v2\/pages"}],"about":[{"href":"https:\/\/jednosceuropejska.org\/index.php\/wp-json\/wp\/v2\/types\/page"}],"author":[{"embeddable":true,"href":"https:\/\/jednosceuropejska.org\/index.php\/wp-json\/wp\/v2\/users\/2"}],"replies":[{"embeddable":true,"href":"https:\/\/jednosceuropejska.org\/index.php\/wp-json\/wp\/v2\/comments?post=1310"}],"version-history":[{"count":2,"href":"https:\/\/jednosceuropejska.org\/index.php\/wp-json\/wp\/v2\/pages\/1310\/revisions"}],"predecessor-version":[{"id":1313,"href":"https:\/\/jednosceuropejska.org\/index.php\/wp-json\/wp\/v2\/pages\/1310\/revisions\/1313"}],"wp:attachment":[{"href":"https:\/\/jednosceuropejska.org\/index.php\/wp-json\/wp\/v2\/media?parent=1310"}],"curies":[{"name":"wp","href":"https:\/\/api.w.org\/{rel}","templated":true}]}}