{"id":1340,"date":"2021-11-23T22:39:56","date_gmt":"2021-11-23T22:39:56","guid":{"rendered":"https:\/\/jednosceuropejska.org\/?page_id=1340"},"modified":"2021-11-23T22:39:57","modified_gmt":"2021-11-23T22:39:57","slug":"wladza","status":"publish","type":"page","link":"https:\/\/jednosceuropejska.org\/index.php\/wladza\/","title":{"rendered":"Wladza"},"content":{"rendered":"<p>[et_pb_section fb_built=&#8221;1&#8243; _builder_version=&#8221;4.13.1&#8243; _module_preset=&#8221;default&#8221; global_colors_info=&#8221;{}&#8221; theme_builder_area=&#8221;post_content&#8221;][et_pb_row column_structure=&#8221;1_4,1_2,1_4&#8243; _builder_version=&#8221;4.13.1&#8243; _module_preset=&#8221;default&#8221; global_colors_info=&#8221;{}&#8221; theme_builder_area=&#8221;post_content&#8221;][et_pb_column type=&#8221;1_4&#8243; _builder_version=&#8221;4.13.1&#8243; _module_preset=&#8221;default&#8221; global_colors_info=&#8221;{}&#8221; theme_builder_area=&#8221;post_content&#8221;][et_pb_image src=&#8221;https:\/\/jednosceuropejska.org\/wp-content\/uploads\/2021\/07\/EUM-godlo-2-bez-obramowania.png&#8221; title_text=&#8221;EUM godlo 2 &#8211; bez obramowania&#8221; align=&#8221;right&#8221; _builder_version=&#8221;4.14.0&#8243; _module_preset=&#8221;default&#8221; max_height=&#8221;100px&#8221; global_colors_info=&#8221;{}&#8221; theme_builder_area=&#8221;post_content&#8221;][\/et_pb_image][\/et_pb_column][et_pb_column type=&#8221;1_2&#8243; _builder_version=&#8221;4.13.1&#8243; _module_preset=&#8221;default&#8221; global_colors_info=&#8221;{}&#8221; theme_builder_area=&#8221;post_content&#8221;][et_pb_text _builder_version=&#8221;4.14.0&#8243; _module_preset=&#8221;default&#8221; custom_margin=&#8221;30px||||false|false&#8221; hover_enabled=&#8221;0&#8243; text_text_shadow_style=&#8221;preset4&#8243; text_text_shadow_color=&#8221;#EDF000&#8243; global_colors_info=&#8221;{}&#8221; theme_builder_area=&#8221;post_content&#8221; sticky_enabled=&#8221;0&#8243;]<\/p>\n<h1 style=\"text-align: center;\"><strong>EUM<\/strong><\/h1>\n<p>[\/et_pb_text][\/et_pb_column][et_pb_column type=&#8221;1_4&#8243; _builder_version=&#8221;4.13.1&#8243; _module_preset=&#8221;default&#8221; global_colors_info=&#8221;{}&#8221; theme_builder_area=&#8221;post_content&#8221;][et_pb_image src=&#8221;https:\/\/jednosceuropejska.org\/wp-content\/uploads\/2021\/07\/EUM-godlo-2-bez-obramowania.png&#8221; title_text=&#8221;EUM godlo 2 &#8211; bez obramowania&#8221; _builder_version=&#8221;4.14.0&#8243; _module_preset=&#8221;default&#8221; module_alignment=&#8221;left&#8221; max_height=&#8221;100px&#8221; global_colors_info=&#8221;{}&#8221; theme_builder_area=&#8221;post_content&#8221;][\/et_pb_image][\/et_pb_column][\/et_pb_row][et_pb_row column_structure=&#8221;1_5,3_5,1_5&#8243; _builder_version=&#8221;4.13.1&#8243; _module_preset=&#8221;default&#8221; global_colors_info=&#8221;{}&#8221; theme_builder_area=&#8221;post_content&#8221;][et_pb_column type=&#8221;1_5&#8243; _builder_version=&#8221;4.13.1&#8243; _module_preset=&#8221;default&#8221; global_colors_info=&#8221;{}&#8221; theme_builder_area=&#8221;post_content&#8221;][et_pb_image src=&#8221;https:\/\/jednosceuropejska.org\/wp-content\/uploads\/2021\/11\/SN-11-Wyznanie.jpg&#8221; title_text=&#8221;Wladza&#8221; align=&#8221;right&#8221; _builder_version=&#8221;4.14.0&#8243; _module_preset=&#8221;default&#8221; max_height=&#8221;100px&#8221; hover_enabled=&#8221;0&#8243; global_colors_info=&#8221;{}&#8221; theme_builder_area=&#8221;post_content&#8221; sticky_enabled=&#8221;0&#8243;][\/et_pb_image][\/et_pb_column][et_pb_column type=&#8221;3_5&#8243; _builder_version=&#8221;4.13.1&#8243; _module_preset=&#8221;default&#8221; global_colors_info=&#8221;{}&#8221; theme_builder_area=&#8221;post_content&#8221;][et_pb_text _builder_version=&#8221;4.14.0&#8243; _module_preset=&#8221;default&#8221; text_text_color=&#8221;#000000&#8243; custom_margin=&#8221;25px||||false|false&#8221; hover_enabled=&#8221;0&#8243; text_text_shadow_style=&#8221;preset5&#8243; text_text_shadow_color=&#8221;#EDF000&#8243; global_colors_info=&#8221;{}&#8221; theme_builder_area=&#8221;post_content&#8221; sticky_enabled=&#8221;0&#8243;]<\/p>\n<h1 style=\"text-align: center;\"><strong>W\u0142adza<\/strong><\/h1>\n<p style=\"text-align: center;\"><strong>(w tym s\u0105downictwo)<\/strong><\/p>\n<h1 style=\"text-align: center;\"><strong>\u00a0<\/strong><\/h1>\n<p>[\/et_pb_text][\/et_pb_column][et_pb_column type=&#8221;1_5&#8243; _builder_version=&#8221;4.13.1&#8243; _module_preset=&#8221;default&#8221; global_colors_info=&#8221;{}&#8221; theme_builder_area=&#8221;post_content&#8221;][et_pb_image src=&#8221;https:\/\/jednosceuropejska.org\/wp-content\/uploads\/2021\/11\/SN-11-Wyznanie.jpg&#8221; title_text=&#8221;Wladza&#8221; _builder_version=&#8221;4.14.0&#8243; _module_preset=&#8221;default&#8221; max_height=&#8221;100px&#8221; hover_enabled=&#8221;0&#8243; global_colors_info=&#8221;{}&#8221; theme_builder_area=&#8221;post_content&#8221; sticky_enabled=&#8221;0&#8243;][\/et_pb_image][\/et_pb_column][\/et_pb_row][et_pb_row column_structure=&#8221;1_5,3_5,1_5&#8243; _builder_version=&#8221;4.14.0&#8243; _module_preset=&#8221;default&#8221; global_colors_info=&#8221;{}&#8221; theme_builder_area=&#8221;post_content&#8221;][et_pb_column type=&#8221;1_5&#8243; _builder_version=&#8221;4.13.1&#8243; _module_preset=&#8221;default&#8221; global_colors_info=&#8221;{}&#8221; theme_builder_area=&#8221;post_content&#8221;][\/et_pb_column][et_pb_column type=&#8221;3_5&#8243; admin_label=&#8221;Tekst&#8221; _builder_version=&#8221;4.14.0&#8243; _module_preset=&#8221;default&#8221; use_background_color_gradient=&#8221;on&#8221; background_color_gradient_start=&#8221;rgba(255,255,255,0.9)&#8221; background_color_gradient_end=&#8221;rgba(255,255,255,0)&#8221; background_color_gradient_type=&#8221;radial&#8221; background_color_gradient_start_position=&#8221;50%&#8221; background_color_gradient_end_position=&#8221;125%&#8221; global_colors_info=&#8221;{}&#8221; theme_builder_area=&#8221;post_content&#8221;][et_pb_text _builder_version=&#8221;4.14.0&#8243; _module_preset=&#8221;default&#8221; hover_enabled=&#8221;0&#8243; global_colors_info=&#8221;{}&#8221; theme_builder_area=&#8221;post_content&#8221; sticky_enabled=&#8221;0&#8243;]<\/p>\n<p>Tak jak w USA w\u0142adze stanowe nie mog\u0105 dzia\u0142a\u0107 wbrew w\u0142adzom centralnym (zw\u0142aszcza w aspekcie polityki zagranicznej), tak i u nas nie powinny. EUM powinien d\u0105\u017cy\u0107 do tego stanu.<\/p>\n<p>Z wi\u0119kszym bud\u017cetem, armi\u0105 i silniejszymi w\u0142adzami pozwoli\u0142oby to zar\u00f3wno efektywnie zaj\u0105\u0107 si\u0119 niesfornymi gagatkami, jak i stawi\u0107 czo\u0142a problemom globalnym \u2013 geopolitycznemu duopolowi USA \u2013 Chiny, zagro\u017ceniom ze strony Rosji, wp\u0142ywom na mi\u0119dzynarodowe korporacje czy wreszcie zaj\u0105\u0107 si\u0119 zarz\u0105dzaniem kryzysami: od imigracyjnego poprzez klimatyczne, a ko\u0144cz\u0105c na epidemiologicznych. To, \u017ce sytuacje kryzysowe (w tym biologiczne) b\u0119d\u0105 coraz gro\u017aniejsze, jest w \u015bwietle praw socjologii, biologii i fizyki pewne jak amen w pacierzu.<\/p>\n<p>Dzia\u0142aj\u0105c w ramach zjednoczonej federacji europejskiej, mo\u017cemy jako Polacy mie\u0107 realny wp\u0142yw na losy \u015bwiata. Mo\u017cemy by\u0107 licz\u0105cym si\u0119 graczem na arenie \u015bwiatowej. Przyk\u0142adowo, mo\u017cemy\u00a0 wspiera\u0107 nasze, europejskie korporacje, a na nieeuropejskich\u00a0 (kt\u00f3rych jest zdecydowana wi\u0119kszo\u015b\u0107) wywrze\u0107 wp\u0142yw w celu wsp\u00f3\u0142dzielenia benefit\u00f3w i ograniczenia zagro\u017ce\u0144. Mo\u017cemy wsp\u00f3\u0142dzia\u0142a\u0107 dla bezpiecze\u0144stwa naszych dzieci, zabezpieczaj\u0105c \u2013 tak jak robi\u0105 to Chiny \u2013 swoje posiadanie na ca\u0142ym \u015bwiecie (przyk\u0142adowo ropa \u2013 Wenezuela i Iran), mied\u017a \u2013 Chile (nasz KGHM) itd. Oczywi\u015bcie globali\u015bci mog\u0105 powiedzie\u0107 \u201ePo co Europa, skoro mamy ca\u0142y \u015bwiat\u201d. Pandemia koronawirusa udowodni\u0142a, \u017ce \u015bwiat nie jest a\u017c tak trwale globalny, jak to si\u0119 niekt\u00f3rym wydawa\u0142o. A to, \u017ce obecny kryzys b\u0119dzie ostatnim, to bardzo naiwna wiara. Potencjalne przyczyny kryzysu, uwzgl\u0119dniaj\u0105c tylko czynniki biologiczne, obejmuj\u0105, mi\u0119dzy innymi, inne odmiany koronawirus\u00f3w (przed SARS-CoV-2 by\u0142y SARS, MERS \u2013 a z racji potencja\u0142u mutacyjnego pojawia\u0107 si\u0119 b\u0119d\u0105 nast\u0119pne), inne wirusy w og\u00f3lno\u015bci (w tym odzwierz\u0119ce \u2013 ASF, Nipah), ale tak\u017ce superoporne bakterie, w tym szczepy alarmowe, nie wspominaj\u0105c o grzybach, pierwotniakach, robakach (oble\u0144cach i p\u0142azi\u0144cach), jak i wielu innych. A co, je\u015bli wr\u00f3c\u0105 \u201eangielskie poty\u201d? (zainteresowanych\u00a0 odsy\u0142am chocia\u017cby do Wikipedii). A co, je\u015bli wirus ASF czy wirus Nipah przeskoczy na cz\u0142owieka, tak jak wcze\u015bniej HIV (szympansy), ptasia grypa czy \u2013 zgodnie z jedn\u0105 z teorii \u2013 SARS-CoV-2 (nietoperze, \u0142uskowsce, norki)?<\/p>\n<p>Je\u015bli nie p\u00f3jdziemy drog\u0105 g\u0142\u0119bokiej integracji europejskiej, to Unia Europejska trafi na \u015bmietnik historii, a poszczeg\u00f3lne kraje kontynentu (w tym trzydziestoo\u015bmiomilionowa Polska) b\u0119d\u0105 rozgrywane mi\u0119dzy USA a Chinami oraz\/i mi\u0119dzynarodowymi (g\u0142\u00f3wnie chi\u0144skimi i ameryka\u0144skimi, mo\u017ce cz\u0119\u015bciowo japo\u0144skimi i korea\u0144skimi) korporacjami. <span style=\"text-decoration: underline;\">Polska dodatkowo znajdzie si\u0119 zapewne, chc\u0105c nie chc\u0105c, w rosyjskiej strefie wp\u0142yw\u00f3w<\/span>. Nawet je\u015bli nie, to b\u0119d\u0105c de facto stref\u0105 przej\u015bciow\u0105 mi\u0119dzy Wschodem a Zachodem \u2013 b\u0119dziemy podw\u00f3jnie zagro\u017ceni. Dlaczego? Sytuacja podobna jak podzamcza w \u015bredniowieczu. Je\u015bli naje\u017ad\u017acy atakowali, to w\u0142a\u015bnie ono pierwsze ulega\u0142o zniszczeniu i spaleniu, ale je\u015bli obro\u0144cy wiedzieli, \u017ce wr\u00f3g nadci\u0105ga, to cz\u0119sto SAMI je niszczyli (zw\u0142aszcza jak by\u0142o poza strukturami obronnymi zamku), aby zapobiec dostaniu si\u0119 cennych zasob\u00f3w w r\u0119ce nieprzyjaciela.<\/p>\n<h4 style=\"text-align: center;\"><strong>[S\u0105downictwo]<\/strong><\/h4>\n<p style=\"text-align: left;\">Polacy, pami\u0119tajcie, \u017ce obecne w\u0142adze prowadz\u0105 do eksternalizacji Unii, jak i dzia\u0142aj\u0105 wbrew harmonizacji, wbrew podstawowym zasadom Unii Europejskiej czy przysz\u0142ej federacji europejskiej. Jednym z filar\u00f3w ustroju demokratycznych pa\u0144stw Zachodu jest tr\u00f3jpodzia\u0142 w\u0142adzy. Ju\u017c teraz Polska (mimo oficjalnej propagandy obecnej partii) jest de facto zagro\u017cona znalezieniem si\u0119 poza strukturami Unii z powodu ograniczania niezawis\u0142o\u015bci s\u0105downictwa. Dlaczego? Zarz\u0105d Europejskiej Sieci Rad S\u0105downictwa \u2013 organizacji zrzeszaj\u0105cej rady wszystkich kraj\u00f3w europejskich \u2013 wyklucza neo-KRS ze swoich struktur jako niespe\u0142niaj\u0105cej kryteri\u00f3w niezale\u017cno\u015bci. Co potwierdza w istocie wykluczenie naszego s\u0105downictwa z Unii Europejskiej. Rodzi to wiele problem\u00f3w, zw\u0142aszcza dla szarego, zwyk\u0142ego obywatela. Tak jak maria\u017c w\u0142adzy s\u0105downiczej z wykonawcz\u0105. Nie stanowi on zagro\u017cenia dla elit, ale mo\u017ce dzia\u0142a\u0107 przeciw szaremu obywatelowi, zw\u0142aszcza je\u015bli wejdzie z ni\u0105 nieopatrznie w konflikt. Polski rz\u0105d buduje swoj\u0105 narracj\u0119 wok\u00f3\u0142 efektywno\u015bci. Czy wiecie, gdzie s\u0105dy by\u0142y najbardziej efektywne? W III Rzeszy i ZSRR. Tak zwany Trybuna\u0142 Ludowy oraz s\u0105dy specjalne w III Rzeszy sk\u0142ada\u0142y si\u0119<br \/>g\u0142\u00f3wnie z cz\u0142onk\u00f3w partii rz\u0105dz\u0105cej (Hitler te\u017c zawi\u00f3d\u0142 si\u0119 na s\u0119dziach i ich niezale\u017cno\u015bci, wi\u0119c stworzy\u0142 alternatywny system). Oskar\u017cony nie mia\u0142 prawa do adwokata, s\u0119dzia m\u00f3g\u0142 dowolnie<br \/>wybiera\u0107 i pomija\u0107 dowody, m\u00f3g\u0142 bra\u0107 lub nie bra\u0107 pod uwag\u0119 zezna\u0144 \u015bwiadk\u00f3w. Najwa\u017cniejsze by\u0142o oczywi\u015bcie stanowisko NSDAP. Wyrok by\u0142 ostateczny i z g\u00f3ry wiadomy \u2013 zgodny z oczekiwaniami rz\u0105dz\u0105cych. Szybko\u015b\u0107 \u2013 czyli efektywno\u015b\u0107, by\u0142a niedo\u015bcigniona, proces zamiast latami potrafi\u0142 trwa\u0107 jeden dzie\u0144. By\u0142o to tak efektywne, \u017ce wyrok cz\u0119sto wykonywano ju\u017c tego same dnia (gorzej jak jako oskar\u017cony by\u0142o si\u0119 Polakiem). Polacy, czy naprawd\u0119 takiej efektywno\u015bci chcemy? Nie daj Bo\u017ce, mie\u0107 wtedy przyk\u0142adowo dzia\u0142k\u0119 na terenach inwestycji planowanej przez w\u0142adze (lub pod now\u0105 hacjend\u0119 dla lokalnego partyjnego kacyka). Je\u015bli s\u0105dy b\u0119d\u0105 orzeka\u0107 po my\u015bli w\u0142adzy wykonawczej, zaraz si\u0119 oka\u017ce, \u017ce w\u0142a\u015bciciel jest nie tylko zawalidrog\u0105, ale zdrajc\u0105 dzia\u0142aj\u0105cym wbrew interesowi narodowemu. Nie tylko nic mu si\u0119 nie nale\u017cy, ale dobrze, \u017ce w\u0142adza w akcie \u0142aski daruje mu \u017cycie\u2026Dlatego w\u0142a\u015bnie wymy\u015blono niezbyt efektywny system &#8222;check and balance&#8221;, kt\u00f3ry obecna w\u0142adza z uporem maniaka niszczy\u2026 ale przecie\u017c \u201eteraz, k\u2026wa, my\u201d. Wcze\u015bniej zdemolowano Trybuna\u0142 Konstytucyjny, kt\u00f3ry obecnie praktycznie nie dzia\u0142a. Pami\u0119tajmy, \u017ce dziewi\u0119\u0107dziesi\u0105t procent spraw Trybuna\u0142u dotyczy\u0142o spraw zwyk\u0142ych obywateli \u2013 przyk\u0142adowo uprawnie\u0144 tycz\u0105cych praw jazdy, os\u00f3b niepe\u0142nosprawnych\u2026 Poprzez pytania s\u0119dzi\u00f3w do Trybuna\u0142u w jednostkowych procesach przeci\u0119tny Kowalski by\u0142 pod ochron\u0105 konstytucji\u2026 obecnie tego brakuje. \u201eTeraz k\u2026wa my\u201d.<\/p>\n<p style=\"text-align: left;\">Paradoksalnie w obecnych realiach opisane dzia\u0142ania w\u0142adz<br \/>mog\u0105 powodowa\u0107 antyefektywno\u015b\u0107\u2026 Dlaczego? Ot\u00f3\u017c przest\u0119pca, kt\u00f3ry uciek\u0142 z Polski, nie b\u0119dzie m\u00f3g\u0142 by\u0107 \u015bci\u0105gni\u0119ty automatycznie do kraju, bowiem inni europejscy s\u0119dziowie na to nie pozwol\u0105 z obawy o polityczno\u015b\u0107 procesu. Wyja\u015bnianie i t\u0142umaczenie spraw zajmie dodatkowy czas. Z drugiej strony ka\u017cdy s\u0105dzony w Polsce, nawet pospolity przest\u0119pca, b\u0119dzie m\u00f3g\u0142 podwa\u017ca\u0107 wyroki s\u0105du jako umotywowane politycznie. Spowoduje to kolejne odwo\u0142ania, kolejne procesy, a w najlepszym razie olbrzymie koszty dla nas. Taki cz\u0142owiek, je\u015bli zostanie skazany, b\u0119dzie m\u00f3g\u0142 zaskar\u017cy\u0107 wyrok do Europejskiego Trybuna\u0142u Sprawiedliwo\u015bci, kt\u00f3ry zas\u0105dzi\u0107 mo\u017ce mu wyp\u0142at\u0119 olbrzymich odszkodowa\u0144 przez Skarb Pa\u0144stwa.<\/p>\n<p>\u015awi\u0119te Niemcy &#8211; Addenum 2 &#8211; EUM str 520<\/p>\n<p>[\/et_pb_text][et_pb_text _builder_version=&#8221;4.14.0&#8243; _module_preset=&#8221;default&#8221; hover_enabled=&#8221;0&#8243; global_colors_info=&#8221;{}&#8221; theme_builder_area=&#8221;post_content&#8221; sticky_enabled=&#8221;0&#8243;]<\/p>\n<h3>Dodatek obecny<\/h3>\n<p>Trybuna\u0142 Europejski uzna\u0142 s\u0119dzi\u00f3w mianowanych przez Neo-KRS jako ska\u017conych grzechem pierworodnym, nie spe\u0142niaj\u0105cych kryteri\u00f3w niezale\u017cno\u015bci. Co to oznacza &#8211; \u017ce ich wyroki mo\u017ce kwestionowa\u0107&#8230; praktycznie ka\u017cdy&#8230;<\/p>\n<p>&nbsp;<\/p>\n<p>[\/et_pb_text][\/et_pb_column][et_pb_column type=&#8221;1_5&#8243; _builder_version=&#8221;4.13.1&#8243; _module_preset=&#8221;default&#8221; global_colors_info=&#8221;{}&#8221; theme_builder_area=&#8221;post_content&#8221;][\/et_pb_column][\/et_pb_row][\/et_pb_section]<\/p>\n","protected":false},"excerpt":{"rendered":"<p>EUMW\u0142adza (w tym s\u0105downictwo) \u00a0Tak jak w USA w\u0142adze stanowe nie mog\u0105 dzia\u0142a\u0107 wbrew w\u0142adzom centralnym (zw\u0142aszcza w aspekcie polityki zagranicznej), tak i u nas nie powinny. EUM powinien d\u0105\u017cy\u0107 do tego stanu. Z wi\u0119kszym bud\u017cetem, armi\u0105 i silniejszymi w\u0142adzami pozwoli\u0142oby to zar\u00f3wno efektywnie zaj\u0105\u0107 si\u0119 niesfornymi gagatkami, jak i stawi\u0107 czo\u0142a problemom globalnym \u2013 [&hellip;]<\/p>\n","protected":false},"author":2,"featured_media":0,"parent":0,"menu_order":0,"comment_status":"closed","ping_status":"closed","template":"","meta":{"_et_pb_use_builder":"on","_et_pb_old_content":"","_et_gb_content_width":"","footnotes":""},"class_list":["post-1340","page","type-page","status-publish","hentry"],"yoast_head":"<!-- This site is optimized with the Yoast SEO plugin v17.7.1 - https:\/\/yoast.com\/wordpress\/plugins\/seo\/ -->\n<title>Wladza - EUM<\/title>\n<meta name=\"robots\" content=\"index, follow, max-snippet:-1, max-image-preview:large, max-video-preview:-1\" \/>\n<link rel=\"canonical\" href=\"https:\/\/jednosceuropejska.org\/index.php\/wladza\/\" \/>\n<meta property=\"og:locale\" content=\"pl_PL\" \/>\n<meta property=\"og:type\" content=\"article\" \/>\n<meta property=\"og:title\" content=\"Wladza - EUM\" \/>\n<meta property=\"og:description\" content=\"EUMW\u0142adza (w tym s\u0105downictwo) \u00a0Tak jak w USA w\u0142adze stanowe nie mog\u0105 dzia\u0142a\u0107 wbrew w\u0142adzom centralnym (zw\u0142aszcza w aspekcie polityki zagranicznej), tak i u nas nie powinny. EUM powinien d\u0105\u017cy\u0107 do tego stanu. Z wi\u0119kszym bud\u017cetem, armi\u0105 i silniejszymi w\u0142adzami pozwoli\u0142oby to zar\u00f3wno efektywnie zaj\u0105\u0107 si\u0119 niesfornymi gagatkami, jak i stawi\u0107 czo\u0142a problemom globalnym \u2013 [&hellip;]\" \/>\n<meta property=\"og:url\" content=\"https:\/\/jednosceuropejska.org\/index.php\/wladza\/\" \/>\n<meta property=\"og:site_name\" content=\"EUM\" \/>\n<meta property=\"article:modified_time\" content=\"2021-11-23T22:39:57+00:00\" \/>\n<meta name=\"twitter:card\" content=\"summary_large_image\" \/>\n<script type=\"application\/ld+json\" class=\"yoast-schema-graph\">{\"@context\":\"https:\/\/schema.org\",\"@graph\":[{\"@type\":\"WebSite\",\"@id\":\"https:\/\/jednosceuropejska.org\/#website\",\"url\":\"https:\/\/jednosceuropejska.org\/\",\"name\":\"EUM\",\"description\":\"European Unity Movement\",\"potentialAction\":[{\"@type\":\"SearchAction\",\"target\":{\"@type\":\"EntryPoint\",\"urlTemplate\":\"https:\/\/jednosceuropejska.org\/?s={search_term_string}\"},\"query-input\":\"required name=search_term_string\"}],\"inLanguage\":\"pl-PL\"},{\"@type\":\"WebPage\",\"@id\":\"https:\/\/jednosceuropejska.org\/index.php\/wladza\/#webpage\",\"url\":\"https:\/\/jednosceuropejska.org\/index.php\/wladza\/\",\"name\":\"Wladza - EUM\",\"isPartOf\":{\"@id\":\"https:\/\/jednosceuropejska.org\/#website\"},\"datePublished\":\"2021-11-23T22:39:56+00:00\",\"dateModified\":\"2021-11-23T22:39:57+00:00\",\"breadcrumb\":{\"@id\":\"https:\/\/jednosceuropejska.org\/index.php\/wladza\/#breadcrumb\"},\"inLanguage\":\"pl-PL\",\"potentialAction\":[{\"@type\":\"ReadAction\",\"target\":[\"https:\/\/jednosceuropejska.org\/index.php\/wladza\/\"]}]},{\"@type\":\"BreadcrumbList\",\"@id\":\"https:\/\/jednosceuropejska.org\/index.php\/wladza\/#breadcrumb\",\"itemListElement\":[{\"@type\":\"ListItem\",\"position\":1,\"name\":\"Strona g\\u0142\\u00f3wna\",\"item\":\"https:\/\/jednosceuropejska.org\/\"},{\"@type\":\"ListItem\",\"position\":2,\"name\":\"Wladza\"}]}]}<\/script>\n<!-- \/ Yoast SEO plugin. -->","yoast_head_json":{"title":"Wladza - EUM","robots":{"index":"index","follow":"follow","max-snippet":"max-snippet:-1","max-image-preview":"max-image-preview:large","max-video-preview":"max-video-preview:-1"},"canonical":"https:\/\/jednosceuropejska.org\/index.php\/wladza\/","og_locale":"pl_PL","og_type":"article","og_title":"Wladza - EUM","og_description":"EUMW\u0142adza (w tym s\u0105downictwo) \u00a0Tak jak w USA w\u0142adze stanowe nie mog\u0105 dzia\u0142a\u0107 wbrew w\u0142adzom centralnym (zw\u0142aszcza w aspekcie polityki zagranicznej), tak i u nas nie powinny. EUM powinien d\u0105\u017cy\u0107 do tego stanu. Z wi\u0119kszym bud\u017cetem, armi\u0105 i silniejszymi w\u0142adzami pozwoli\u0142oby to zar\u00f3wno efektywnie zaj\u0105\u0107 si\u0119 niesfornymi gagatkami, jak i stawi\u0107 czo\u0142a problemom globalnym \u2013 [&hellip;]","og_url":"https:\/\/jednosceuropejska.org\/index.php\/wladza\/","og_site_name":"EUM","article_modified_time":"2021-11-23T22:39:57+00:00","twitter_card":"summary_large_image","schema":{"@context":"https:\/\/schema.org","@graph":[{"@type":"WebSite","@id":"https:\/\/jednosceuropejska.org\/#website","url":"https:\/\/jednosceuropejska.org\/","name":"EUM","description":"European Unity Movement","potentialAction":[{"@type":"SearchAction","target":{"@type":"EntryPoint","urlTemplate":"https:\/\/jednosceuropejska.org\/?s={search_term_string}"},"query-input":"required name=search_term_string"}],"inLanguage":"pl-PL"},{"@type":"WebPage","@id":"https:\/\/jednosceuropejska.org\/index.php\/wladza\/#webpage","url":"https:\/\/jednosceuropejska.org\/index.php\/wladza\/","name":"Wladza - EUM","isPartOf":{"@id":"https:\/\/jednosceuropejska.org\/#website"},"datePublished":"2021-11-23T22:39:56+00:00","dateModified":"2021-11-23T22:39:57+00:00","breadcrumb":{"@id":"https:\/\/jednosceuropejska.org\/index.php\/wladza\/#breadcrumb"},"inLanguage":"pl-PL","potentialAction":[{"@type":"ReadAction","target":["https:\/\/jednosceuropejska.org\/index.php\/wladza\/"]}]},{"@type":"BreadcrumbList","@id":"https:\/\/jednosceuropejska.org\/index.php\/wladza\/#breadcrumb","itemListElement":[{"@type":"ListItem","position":1,"name":"Strona g\u0142\u00f3wna","item":"https:\/\/jednosceuropejska.org\/"},{"@type":"ListItem","position":2,"name":"Wladza"}]}]}},"_links":{"self":[{"href":"https:\/\/jednosceuropejska.org\/index.php\/wp-json\/wp\/v2\/pages\/1340","targetHints":{"allow":["GET"]}}],"collection":[{"href":"https:\/\/jednosceuropejska.org\/index.php\/wp-json\/wp\/v2\/pages"}],"about":[{"href":"https:\/\/jednosceuropejska.org\/index.php\/wp-json\/wp\/v2\/types\/page"}],"author":[{"embeddable":true,"href":"https:\/\/jednosceuropejska.org\/index.php\/wp-json\/wp\/v2\/users\/2"}],"replies":[{"embeddable":true,"href":"https:\/\/jednosceuropejska.org\/index.php\/wp-json\/wp\/v2\/comments?post=1340"}],"version-history":[{"count":2,"href":"https:\/\/jednosceuropejska.org\/index.php\/wp-json\/wp\/v2\/pages\/1340\/revisions"}],"predecessor-version":[{"id":1343,"href":"https:\/\/jednosceuropejska.org\/index.php\/wp-json\/wp\/v2\/pages\/1340\/revisions\/1343"}],"wp:attachment":[{"href":"https:\/\/jednosceuropejska.org\/index.php\/wp-json\/wp\/v2\/media?parent=1340"}],"curies":[{"name":"wp","href":"https:\/\/api.w.org\/{rel}","templated":true}]}}