{"id":1398,"date":"2021-11-24T19:52:45","date_gmt":"2021-11-24T19:52:45","guid":{"rendered":"https:\/\/jednosceuropejska.org\/?page_id=1398"},"modified":"2021-11-25T23:42:58","modified_gmt":"2021-11-25T23:42:58","slug":"struktura","status":"publish","type":"page","link":"https:\/\/jednosceuropejska.org\/index.php\/struktura\/","title":{"rendered":"Struktura"},"content":{"rendered":"<p>[et_pb_section fb_built=&#8221;1&#8243; _builder_version=&#8221;4.13.1&#8243; _module_preset=&#8221;default&#8221; global_colors_info=&#8221;{}&#8221;][et_pb_row column_structure=&#8221;1_4,1_2,1_4&#8243; _builder_version=&#8221;4.14.1&#8243; _module_preset=&#8221;default&#8221; use_background_color_gradient=&#8221;on&#8221; background_color_gradient_end=&#8221;rgba(255,255,255,0)&#8221; background_color_gradient_type=&#8221;radial&#8221; global_colors_info=&#8221;{}&#8221;][et_pb_column type=&#8221;1_4&#8243; _builder_version=&#8221;4.13.1&#8243; _module_preset=&#8221;default&#8221; global_colors_info=&#8221;{}&#8221;][et_pb_image src=&#8221;https:\/\/jednosceuropejska.org\/wp-content\/uploads\/2021\/07\/EUM-godlo-2-bez-obramowania.png&#8221; title_text=&#8221;EUM godlo 2 &#8211; bez obramowania&#8221; align=&#8221;right&#8221; _builder_version=&#8221;4.14.0&#8243; _module_preset=&#8221;default&#8221; max_height=&#8221;100px&#8221; global_colors_info=&#8221;{}&#8221;][\/et_pb_image][\/et_pb_column][et_pb_column type=&#8221;1_2&#8243; _builder_version=&#8221;4.13.1&#8243; _module_preset=&#8221;default&#8221; global_colors_info=&#8221;{}&#8221;][et_pb_text _builder_version=&#8221;4.14.0&#8243; _module_preset=&#8221;default&#8221; custom_margin=&#8221;30px||||false|false&#8221; text_text_shadow_style=&#8221;preset4&#8243; text_text_shadow_color=&#8221;#EDF000&#8243; global_colors_info=&#8221;{}&#8221;]<\/p>\n<h1 style=\"text-align: center;\"><strong>EUM<\/strong><\/h1>\n<p>[\/et_pb_text][\/et_pb_column][et_pb_column type=&#8221;1_4&#8243; _builder_version=&#8221;4.13.1&#8243; _module_preset=&#8221;default&#8221; global_colors_info=&#8221;{}&#8221;][et_pb_image src=&#8221;https:\/\/jednosceuropejska.org\/wp-content\/uploads\/2021\/07\/EUM-godlo-2-bez-obramowania.png&#8221; title_text=&#8221;EUM godlo 2 &#8211; bez obramowania&#8221; _builder_version=&#8221;4.14.0&#8243; _module_preset=&#8221;default&#8221; module_alignment=&#8221;left&#8221; max_height=&#8221;100px&#8221; global_colors_info=&#8221;{}&#8221;][\/et_pb_image][\/et_pb_column][\/et_pb_row][et_pb_row column_structure=&#8221;1_5,3_5,1_5&#8243; _builder_version=&#8221;4.14.1&#8243; _module_preset=&#8221;default&#8221; use_background_color_gradient=&#8221;on&#8221; background_color_gradient_end=&#8221;rgba(255,255,255,0)&#8221; background_color_gradient_type=&#8221;radial&#8221; global_colors_info=&#8221;{}&#8221;][et_pb_column type=&#8221;1_5&#8243; _builder_version=&#8221;4.14.1&#8243; _module_preset=&#8221;default&#8221; global_colors_info=&#8221;{}&#8221;][et_pb_image src=&#8221;https:\/\/jednosceuropejska.org\/wp-content\/uploads\/2021\/11\/02.jpg&#8221; title_text=&#8221;Spolecznosc&#8221; align=&#8221;right&#8221; _builder_version=&#8221;4.14.1&#8243; _module_preset=&#8221;default&#8221; max_height=&#8221;100px&#8221; global_colors_info=&#8221;{}&#8221;][\/et_pb_image][\/et_pb_column][et_pb_column type=&#8221;3_5&#8243; admin_label=&#8221;Struktura&#8221; _builder_version=&#8221;4.14.1&#8243; _module_preset=&#8221;default&#8221; global_colors_info=&#8221;{}&#8221;][et_pb_text _builder_version=&#8221;4.14.1&#8243; _module_preset=&#8221;default&#8221; text_text_color=&#8221;#000000&#8243; custom_margin=&#8221;25px||||false|false&#8221; text_text_shadow_style=&#8221;preset5&#8243; text_text_shadow_color=&#8221;#EDF000&#8243; global_colors_info=&#8221;{}&#8221;]<\/p>\n<h1 style=\"text-align: center;\"><strong>Struktura<br \/><\/strong><\/h1>\n<p style=\"text-align: center;\"><strong>Kto i gdzie?<br \/><\/strong><\/p>\n<p>[\/et_pb_text][\/et_pb_column][et_pb_column type=&#8221;1_5&#8243; _builder_version=&#8221;4.13.1&#8243; _module_preset=&#8221;default&#8221; global_colors_info=&#8221;{}&#8221;][et_pb_image src=&#8221;https:\/\/jednosceuropejska.org\/wp-content\/uploads\/2021\/11\/02.jpg&#8221; title_text=&#8221;Spolecznosc&#8221; _builder_version=&#8221;4.14.1&#8243; _module_preset=&#8221;default&#8221; max_height=&#8221;100px&#8221; global_colors_info=&#8221;{}&#8221;][\/et_pb_image][\/et_pb_column][\/et_pb_row][et_pb_row _builder_version=&#8221;4.9.10&#8243; _module_preset=&#8221;default&#8221; global_colors_info=&#8221;{}&#8221;][et_pb_column type=&#8221;4_4&#8243; _builder_version=&#8221;4.9.10&#8243; _module_preset=&#8221;default&#8221; global_colors_info=&#8221;{}&#8221;][et_pb_divider divider_style=&#8221;double&#8221; divider_position=&#8221;center&#8221; divider_weight=&#8221;8px&#8221; _builder_version=&#8221;4.9.10&#8243; _module_preset=&#8221;default&#8221; module_alignment=&#8221;center&#8221; custom_margin=&#8221;|0px||0px|false|false&#8221; custom_padding=&#8221;|150px|6px|150px|false|true&#8221; global_colors_info=&#8221;{}&#8221;][\/et_pb_divider][\/et_pb_column][\/et_pb_row][et_pb_row column_structure=&#8221;2_5,3_5&#8243; admin_label=&#8221;Wiersz&#8221; _builder_version=&#8221;4.14.1&#8243; _module_preset=&#8221;default&#8221; use_background_color_gradient=&#8221;on&#8221; background_color_gradient_start=&#8221;rgba(255,255,255,0.75)&#8221; background_color_gradient_end=&#8221;rgba(255,255,255,0)&#8221; background_color_gradient_type=&#8221;radial&#8221; global_colors_info=&#8221;{}&#8221;][et_pb_column type=&#8221;2_5&#8243; _builder_version=&#8221;4.9.4&#8243; _module_preset=&#8221;default&#8221; global_colors_info=&#8221;{}&#8221;][et_pb_image src=&#8221;https:\/\/jednosceuropejska.org\/wp-content\/uploads\/2021\/11\/SN-36-Wybierz-madrze.jpg&#8221; title_text=&#8221;SN-36-Wybierz-madrze&#8221; align=&#8221;center&#8221; _builder_version=&#8221;4.14.1&#8243; _module_preset=&#8221;default&#8221; width=&#8221;60.4%&#8221; module_alignment=&#8221;center&#8221; custom_margin=&#8221;|||0px|false|false&#8221; custom_padding=&#8221;|||25px|false|false&#8221; border_radii=&#8221;on|20px|20px|20px|20px&#8221; box_shadow_style=&#8221;preset2&#8243; global_colors_info=&#8221;{}&#8221;][\/et_pb_image][\/et_pb_column][et_pb_column type=&#8221;3_5&#8243; _builder_version=&#8221;4.9.4&#8243; _module_preset=&#8221;default&#8221; global_colors_info=&#8221;{}&#8221;][et_pb_text _builder_version=&#8221;4.14.1&#8243; _module_preset=&#8221;default&#8221; global_colors_info=&#8221;{}&#8221;]<\/p>\n<p><strong>Lider \/ liderzy<\/strong><strong><\/strong><\/p>\n<p>Obecnie&#8230; brak.<\/p>\n<p>Stanowisko nieobsadzone, mo\u017ce to b\u0119dziesz w\u0142a\u015bny Ty?<\/p>\n<p>Wi\u0119cej &#8211; tutaj.<\/p>\n<p>[\/et_pb_text][\/et_pb_column][\/et_pb_row][et_pb_row _builder_version=&#8221;4.9.10&#8243; _module_preset=&#8221;default&#8221; global_colors_info=&#8221;{}&#8221;][et_pb_column type=&#8221;4_4&#8243; _builder_version=&#8221;4.9.10&#8243; _module_preset=&#8221;default&#8221; global_colors_info=&#8221;{}&#8221;][et_pb_divider divider_style=&#8221;double&#8221; divider_position=&#8221;center&#8221; divider_weight=&#8221;8px&#8221; _builder_version=&#8221;4.9.10&#8243; _module_preset=&#8221;default&#8221; module_alignment=&#8221;center&#8221; custom_margin=&#8221;|0px||0px|false|false&#8221; custom_padding=&#8221;|150px|6px|150px|false|true&#8221; global_colors_info=&#8221;{}&#8221;][\/et_pb_divider][\/et_pb_column][\/et_pb_row][et_pb_row column_structure=&#8221;2_5,3_5&#8243; admin_label=&#8221;Wiersz&#8221; _builder_version=&#8221;4.14.1&#8243; _module_preset=&#8221;default&#8221; use_background_color_gradient=&#8221;on&#8221; background_color_gradient_start=&#8221;rgba(255,255,255,0.75)&#8221; background_color_gradient_end=&#8221;rgba(255,255,255,0)&#8221; background_color_gradient_type=&#8221;radial&#8221; global_colors_info=&#8221;{}&#8221;][et_pb_column type=&#8221;2_5&#8243; _builder_version=&#8221;4.9.4&#8243; _module_preset=&#8221;default&#8221; global_colors_info=&#8221;{}&#8221;][et_pb_image src=&#8221;https:\/\/jednosceuropejska.org\/wp-content\/uploads\/2021\/11\/Witkowski-vA-in-prof-cut.jpg&#8221; title_text=&#8221;Witkowski vA in prof &#8211; cut&#8221; align=&#8221;center&#8221; _builder_version=&#8221;4.9.10&#8243; _module_preset=&#8221;default&#8221; width=&#8221;60.4%&#8221; module_alignment=&#8221;center&#8221; custom_margin=&#8221;|||0px|false|false&#8221; custom_padding=&#8221;|||25px|false|false&#8221; border_radii=&#8221;on|20px|20px|20px|20px&#8221; box_shadow_style=&#8221;preset2&#8243; global_colors_info=&#8221;{}&#8221;][\/et_pb_image][\/et_pb_column][et_pb_column type=&#8221;3_5&#8243; _builder_version=&#8221;4.9.4&#8243; _module_preset=&#8221;default&#8221; global_colors_info=&#8221;{}&#8221;][et_pb_text _builder_version=&#8221;4.14.1&#8243; _module_preset=&#8221;default&#8221; global_colors_info=&#8221;{}&#8221;]<\/p>\n<p><strong><\/strong><strong>Konrad Witkowski<\/strong><\/p>\n<p>Inicjator, wsp\u00f3\u0142tw\u00f3rca ideowy EUM.<\/p>\n<p>Zwyk\u0142y, szary cz\u0142owiek. Taki sam jak ka\u017cdy inny. Nie zauwa\u017cycie go na ulicy, imprezie czy u znajomych, bo najcz\u0119\u015bciej go tam nie b\u0119dzie. Jak du\u017ca cz\u0119\u015b\u0107 Polak\u00f3w pracuje po trzysta i wi\u0119cej godzin w miesi\u0105cu, aby zapewni\u0107 swojej rodzinie w miar\u0119 godziwy byt.<\/p>\n<p>Autor &#8222;\u015awi\u0119tych Niemiec&#8221;<\/p>\n<p>[\/et_pb_text][\/et_pb_column][\/et_pb_row][et_pb_row _builder_version=&#8221;4.9.10&#8243; _module_preset=&#8221;default&#8221; global_colors_info=&#8221;{}&#8221;][et_pb_column type=&#8221;4_4&#8243; _builder_version=&#8221;4.9.10&#8243; _module_preset=&#8221;default&#8221; global_colors_info=&#8221;{}&#8221;][et_pb_divider divider_style=&#8221;double&#8221; divider_position=&#8221;center&#8221; divider_weight=&#8221;8px&#8221; _builder_version=&#8221;4.9.10&#8243; _module_preset=&#8221;default&#8221; module_alignment=&#8221;center&#8221; custom_margin=&#8221;|0px||0px|false|false&#8221; custom_padding=&#8221;|150px|6px|150px|false|true&#8221; global_colors_info=&#8221;{}&#8221;][\/et_pb_divider][\/et_pb_column][\/et_pb_row][et_pb_row column_structure=&#8221;2_5,3_5&#8243; admin_label=&#8221;Wiersz&#8221; _builder_version=&#8221;4.14.1&#8243; _module_preset=&#8221;default&#8221; use_background_color_gradient=&#8221;on&#8221; background_color_gradient_start=&#8221;rgba(255,255,255,0.75)&#8221; background_color_gradient_end=&#8221;rgba(255,255,255,0)&#8221; background_color_gradient_type=&#8221;radial&#8221; global_colors_info=&#8221;{}&#8221;][et_pb_column type=&#8221;2_5&#8243; _builder_version=&#8221;4.9.4&#8243; _module_preset=&#8221;default&#8221; global_colors_info=&#8221;{}&#8221;][et_pb_image src=&#8221;https:\/\/jednosceuropejska.org\/wp-content\/uploads\/2021\/11\/Grazynski-vA-in-prof-cut.jpg&#8221; title_text=&#8221;Grazynski vA in prof &#8211; cut&#8221; _builder_version=&#8221;4.9.10&#8243; _module_preset=&#8221;default&#8221; width=&#8221;60%&#8221; module_alignment=&#8221;center&#8221; custom_margin=&#8221;|||1px||&#8221; custom_padding=&#8221;|||26px||&#8221; border_radii=&#8221;on|20px|20px|20px|20px&#8221; box_shadow_style=&#8221;preset2&#8243; global_colors_info=&#8221;{}&#8221;][\/et_pb_image][\/et_pb_column][et_pb_column type=&#8221;3_5&#8243; _builder_version=&#8221;4.9.4&#8243; _module_preset=&#8221;default&#8221; global_colors_info=&#8221;{}&#8221;][et_pb_text _builder_version=&#8221;4.14.1&#8243; _module_preset=&#8221;default&#8221; global_colors_info=&#8221;{}&#8221;]<\/p>\n<p><strong>Janusz Gra\u017cy\u0144ski<\/strong><\/p>\n<p>Inicjator, wsp\u00f3\u0142tw\u00f3rca ideowy EUM.<\/p>\n<p>Przeci\u0119tny obywatel, Polak w wieku \u015brednim, kt\u00f3ry widz\u0105c rozpad Europy, nie chce na staro\u015b\u0107 uczy\u0107 si\u0119 rosyjskiego. W ko\u0144cu wiadomo, kto wywo\u0142a\u0142 II wojn\u0119 \u015bwiatow\u0105 i musi ponie\u015b\u0107 konsekwencje.<\/p>\n<p>Wsp\u00f3\u0142autor &#8222;\u015awi\u0119tych Niemiec&#8221;<\/p>\n<p>[\/et_pb_text][\/et_pb_column][\/et_pb_row][et_pb_row _builder_version=&#8221;4.9.10&#8243; _module_preset=&#8221;default&#8221; global_colors_info=&#8221;{}&#8221;][et_pb_column type=&#8221;4_4&#8243; _builder_version=&#8221;4.9.10&#8243; _module_preset=&#8221;default&#8221; global_colors_info=&#8221;{}&#8221;][et_pb_divider divider_style=&#8221;double&#8221; divider_position=&#8221;center&#8221; divider_weight=&#8221;8px&#8221; _builder_version=&#8221;4.9.10&#8243; _module_preset=&#8221;default&#8221; module_alignment=&#8221;center&#8221; custom_margin=&#8221;|0px||0px|false|false&#8221; custom_padding=&#8221;|150px|6px|150px|false|true&#8221; global_colors_info=&#8221;{}&#8221;][\/et_pb_divider][\/et_pb_column][\/et_pb_row][et_pb_row column_structure=&#8221;2_5,3_5&#8243; admin_label=&#8221;Wiersz&#8221; _builder_version=&#8221;4.14.1&#8243; _module_preset=&#8221;default&#8221; use_background_color_gradient=&#8221;on&#8221; background_color_gradient_start=&#8221;rgba(255,255,255,0.75)&#8221; background_color_gradient_end=&#8221;rgba(255,255,255,0)&#8221; background_color_gradient_type=&#8221;radial&#8221; global_colors_info=&#8221;{}&#8221;][et_pb_column type=&#8221;2_5&#8243; _builder_version=&#8221;4.9.4&#8243; _module_preset=&#8221;default&#8221; global_colors_info=&#8221;{}&#8221;][et_pb_image src=&#8221;https:\/\/jednosceuropejska.org\/wp-content\/uploads\/2021\/11\/02.jpg&#8221; title_text=&#8221;Spolecznosc&#8221; _builder_version=&#8221;4.14.1&#8243; _module_preset=&#8221;default&#8221; width=&#8221;60%&#8221; module_alignment=&#8221;center&#8221; custom_margin=&#8221;|||1px||&#8221; custom_padding=&#8221;|||26px||&#8221; border_radii=&#8221;on|20px|20px|20px|20px&#8221; box_shadow_style=&#8221;preset2&#8243; global_colors_info=&#8221;{}&#8221;][\/et_pb_image][\/et_pb_column][et_pb_column type=&#8221;3_5&#8243; _builder_version=&#8221;4.9.4&#8243; _module_preset=&#8221;default&#8221; global_colors_info=&#8221;{}&#8221;][et_pb_text _builder_version=&#8221;4.14.1&#8243; _module_preset=&#8221;default&#8221; hover_enabled=&#8221;0&#8243; global_colors_info=&#8221;{}&#8221; sticky_enabled=&#8221;0&#8243;]<\/p>\n<p><strong>Cz\u0142onkowie<\/strong><\/p>\n<p>My, cz\u0142onkowie EUM nie chcemy by\u0107 obywatelami II kategorii w &#8222;suwerennej&#8221; Polsce, rz\u0105dzonej na spos\u00f3b coraz bardziej wschodni, odleg\u0142y od idea\u0142\u00f3w demokracji, ani tym bardziej obywatelami podrz\u0119dnej kategorii w Imperium Rosyjskim, gdzie zwyk\u0142y obywatel jest tylko t\u0142em dla kolejnych wymys\u0142\u00f3w w\u0142adz.<\/p>\n<p>Uwa\u017camy, \u017ce wiele Polek i Polak\u00f3w po\u015bwi\u0119ci\u0142o wiele pracy i trudu, aby Polska by\u0142a wreszcie &#8222;na Zachodzie&#8221;, co oznacza nie tylko dobrobyt ekonomiczny, ale spos\u00f3b rz\u0105dzenia, w tym ochron\u0119 prawn\u0105 Obywateli (w tym przed zakusami w\u0142adzy).<\/p>\n<p>Nie wspominaj\u0105c o szansach historycznych, kt\u00f3re z uporem maniaka marnujemy&#8230;<\/p>\n<p>Dlatego, je\u015bli zale\u017cy Ci na przysz\u0142o\u015bci Polski i Unii Europejskiej &#8211; zapraszamy, potrzebujemy ka\u017cdego&#8230; <a href=\"https:\/\/jednosceuropejska.org\/index.php\/wsparcie\/\" title=\"Wsparcie\">wi\u0119cej tutaj<\/a>.<\/p>\n<p>[\/et_pb_text][\/et_pb_column][\/et_pb_row][et_pb_row _builder_version=&#8221;4.9.10&#8243; _module_preset=&#8221;default&#8221; global_colors_info=&#8221;{}&#8221;][et_pb_column type=&#8221;4_4&#8243; _builder_version=&#8221;4.9.10&#8243; _module_preset=&#8221;default&#8221; global_colors_info=&#8221;{}&#8221;][et_pb_divider divider_style=&#8221;double&#8221; divider_position=&#8221;center&#8221; divider_weight=&#8221;8px&#8221; _builder_version=&#8221;4.9.10&#8243; _module_preset=&#8221;default&#8221; module_alignment=&#8221;center&#8221; custom_margin=&#8221;|0px||0px|false|false&#8221; custom_padding=&#8221;|150px|6px|150px|false|true&#8221; global_colors_info=&#8221;{}&#8221;][\/et_pb_divider][\/et_pb_column][\/et_pb_row][\/et_pb_section]<\/p>\n","protected":false},"excerpt":{"rendered":"<p>EUMStruktura Kto i gdzie?Lider \/ liderzy Obecnie&#8230; brak. Stanowisko nieobsadzone, mo\u017ce to b\u0119dziesz w\u0142a\u015bny Ty? Wi\u0119cej &#8211; tutaj.Konrad Witkowski Inicjator, wsp\u00f3\u0142tw\u00f3rca ideowy EUM. Zwyk\u0142y, szary cz\u0142owiek. Taki sam jak ka\u017cdy inny. Nie zauwa\u017cycie go na ulicy, imprezie czy u znajomych, bo najcz\u0119\u015bciej go tam nie b\u0119dzie. Jak du\u017ca cz\u0119\u015b\u0107 Polak\u00f3w pracuje po trzysta i wi\u0119cej [&hellip;]<\/p>\n","protected":false},"author":2,"featured_media":0,"parent":0,"menu_order":0,"comment_status":"closed","ping_status":"closed","template":"","meta":{"_et_pb_use_builder":"on","_et_pb_old_content":"","_et_gb_content_width":"","footnotes":""},"class_list":["post-1398","page","type-page","status-publish","hentry"],"yoast_head":"<!-- This site is optimized with the Yoast SEO plugin v17.7.1 - https:\/\/yoast.com\/wordpress\/plugins\/seo\/ -->\n<title>Struktura - EUM<\/title>\n<meta name=\"robots\" content=\"index, follow, max-snippet:-1, max-image-preview:large, max-video-preview:-1\" \/>\n<link rel=\"canonical\" href=\"https:\/\/jednosceuropejska.org\/index.php\/struktura\/\" \/>\n<meta property=\"og:locale\" content=\"pl_PL\" \/>\n<meta property=\"og:type\" content=\"article\" \/>\n<meta property=\"og:title\" content=\"Struktura - EUM\" \/>\n<meta property=\"og:description\" content=\"EUMStruktura Kto i gdzie?Lider \/ liderzy Obecnie... brak. Stanowisko nieobsadzone, mo\u017ce to b\u0119dziesz w\u0142a\u015bny Ty? Wi\u0119cej - tutaj.Konrad Witkowski Inicjator, wsp\u00f3\u0142tw\u00f3rca ideowy EUM. Zwyk\u0142y, szary cz\u0142owiek. Taki sam jak ka\u017cdy inny. Nie zauwa\u017cycie go na ulicy, imprezie czy u znajomych, bo najcz\u0119\u015bciej go tam nie b\u0119dzie. Jak du\u017ca cz\u0119\u015b\u0107 Polak\u00f3w pracuje po trzysta i wi\u0119cej [&hellip;]\" \/>\n<meta property=\"og:url\" content=\"https:\/\/jednosceuropejska.org\/index.php\/struktura\/\" \/>\n<meta property=\"og:site_name\" content=\"EUM\" \/>\n<meta property=\"article:modified_time\" content=\"2021-11-25T23:42:58+00:00\" \/>\n<meta name=\"twitter:card\" content=\"summary_large_image\" \/>\n<script type=\"application\/ld+json\" class=\"yoast-schema-graph\">{\"@context\":\"https:\/\/schema.org\",\"@graph\":[{\"@type\":\"WebSite\",\"@id\":\"https:\/\/jednosceuropejska.org\/#website\",\"url\":\"https:\/\/jednosceuropejska.org\/\",\"name\":\"EUM\",\"description\":\"European Unity Movement\",\"potentialAction\":[{\"@type\":\"SearchAction\",\"target\":{\"@type\":\"EntryPoint\",\"urlTemplate\":\"https:\/\/jednosceuropejska.org\/?s={search_term_string}\"},\"query-input\":\"required name=search_term_string\"}],\"inLanguage\":\"pl-PL\"},{\"@type\":\"WebPage\",\"@id\":\"https:\/\/jednosceuropejska.org\/index.php\/struktura\/#webpage\",\"url\":\"https:\/\/jednosceuropejska.org\/index.php\/struktura\/\",\"name\":\"Struktura - EUM\",\"isPartOf\":{\"@id\":\"https:\/\/jednosceuropejska.org\/#website\"},\"datePublished\":\"2021-11-24T19:52:45+00:00\",\"dateModified\":\"2021-11-25T23:42:58+00:00\",\"breadcrumb\":{\"@id\":\"https:\/\/jednosceuropejska.org\/index.php\/struktura\/#breadcrumb\"},\"inLanguage\":\"pl-PL\",\"potentialAction\":[{\"@type\":\"ReadAction\",\"target\":[\"https:\/\/jednosceuropejska.org\/index.php\/struktura\/\"]}]},{\"@type\":\"BreadcrumbList\",\"@id\":\"https:\/\/jednosceuropejska.org\/index.php\/struktura\/#breadcrumb\",\"itemListElement\":[{\"@type\":\"ListItem\",\"position\":1,\"name\":\"Strona g\\u0142\\u00f3wna\",\"item\":\"https:\/\/jednosceuropejska.org\/\"},{\"@type\":\"ListItem\",\"position\":2,\"name\":\"Struktura\"}]}]}<\/script>\n<!-- \/ Yoast SEO plugin. -->","yoast_head_json":{"title":"Struktura - EUM","robots":{"index":"index","follow":"follow","max-snippet":"max-snippet:-1","max-image-preview":"max-image-preview:large","max-video-preview":"max-video-preview:-1"},"canonical":"https:\/\/jednosceuropejska.org\/index.php\/struktura\/","og_locale":"pl_PL","og_type":"article","og_title":"Struktura - EUM","og_description":"EUMStruktura Kto i gdzie?Lider \/ liderzy Obecnie... brak. Stanowisko nieobsadzone, mo\u017ce to b\u0119dziesz w\u0142a\u015bny Ty? Wi\u0119cej - tutaj.Konrad Witkowski Inicjator, wsp\u00f3\u0142tw\u00f3rca ideowy EUM. Zwyk\u0142y, szary cz\u0142owiek. Taki sam jak ka\u017cdy inny. Nie zauwa\u017cycie go na ulicy, imprezie czy u znajomych, bo najcz\u0119\u015bciej go tam nie b\u0119dzie. Jak du\u017ca cz\u0119\u015b\u0107 Polak\u00f3w pracuje po trzysta i wi\u0119cej [&hellip;]","og_url":"https:\/\/jednosceuropejska.org\/index.php\/struktura\/","og_site_name":"EUM","article_modified_time":"2021-11-25T23:42:58+00:00","twitter_card":"summary_large_image","schema":{"@context":"https:\/\/schema.org","@graph":[{"@type":"WebSite","@id":"https:\/\/jednosceuropejska.org\/#website","url":"https:\/\/jednosceuropejska.org\/","name":"EUM","description":"European Unity Movement","potentialAction":[{"@type":"SearchAction","target":{"@type":"EntryPoint","urlTemplate":"https:\/\/jednosceuropejska.org\/?s={search_term_string}"},"query-input":"required name=search_term_string"}],"inLanguage":"pl-PL"},{"@type":"WebPage","@id":"https:\/\/jednosceuropejska.org\/index.php\/struktura\/#webpage","url":"https:\/\/jednosceuropejska.org\/index.php\/struktura\/","name":"Struktura - EUM","isPartOf":{"@id":"https:\/\/jednosceuropejska.org\/#website"},"datePublished":"2021-11-24T19:52:45+00:00","dateModified":"2021-11-25T23:42:58+00:00","breadcrumb":{"@id":"https:\/\/jednosceuropejska.org\/index.php\/struktura\/#breadcrumb"},"inLanguage":"pl-PL","potentialAction":[{"@type":"ReadAction","target":["https:\/\/jednosceuropejska.org\/index.php\/struktura\/"]}]},{"@type":"BreadcrumbList","@id":"https:\/\/jednosceuropejska.org\/index.php\/struktura\/#breadcrumb","itemListElement":[{"@type":"ListItem","position":1,"name":"Strona g\u0142\u00f3wna","item":"https:\/\/jednosceuropejska.org\/"},{"@type":"ListItem","position":2,"name":"Struktura"}]}]}},"_links":{"self":[{"href":"https:\/\/jednosceuropejska.org\/index.php\/wp-json\/wp\/v2\/pages\/1398","targetHints":{"allow":["GET"]}}],"collection":[{"href":"https:\/\/jednosceuropejska.org\/index.php\/wp-json\/wp\/v2\/pages"}],"about":[{"href":"https:\/\/jednosceuropejska.org\/index.php\/wp-json\/wp\/v2\/types\/page"}],"author":[{"embeddable":true,"href":"https:\/\/jednosceuropejska.org\/index.php\/wp-json\/wp\/v2\/users\/2"}],"replies":[{"embeddable":true,"href":"https:\/\/jednosceuropejska.org\/index.php\/wp-json\/wp\/v2\/comments?post=1398"}],"version-history":[{"count":9,"href":"https:\/\/jednosceuropejska.org\/index.php\/wp-json\/wp\/v2\/pages\/1398\/revisions"}],"predecessor-version":[{"id":1475,"href":"https:\/\/jednosceuropejska.org\/index.php\/wp-json\/wp\/v2\/pages\/1398\/revisions\/1475"}],"wp:attachment":[{"href":"https:\/\/jednosceuropejska.org\/index.php\/wp-json\/wp\/v2\/media?parent=1398"}],"curies":[{"name":"wp","href":"https:\/\/api.w.org\/{rel}","templated":true}]}}